{"id":352,"date":"2023-05-09T18:44:54","date_gmt":"2023-05-09T18:44:54","guid":{"rendered":"https:\/\/ludicum.com\/?post_type=tribe_events&#038;p=352"},"modified":"2024-01-27T11:22:05","modified_gmt":"2024-01-27T11:22:05","slug":"palacios-y-palacetes-del-barrio-almagro","status":"publish","type":"tribe_events","link":"https:\/\/ludicum.com\/index.php\/event\/palacios-y-palacetes-del-barrio-almagro\/","title":{"rendered":"PALACIOS Y PALACETES DEL BARRIO ALMAGRO"},"content":{"rendered":"<div  class=\"tribe-events-schedule tribe-clearfix\" >\n\t<h2 class=\"tribe-events-schedule__datetime\">\n\t\t<span class=\"tribe-events-schedule__date tribe-events-schedule__date--start\">\n\t\t\tfebrero 24, 2024\t\t<\/span>\n\n\t\t\t\t\t<span class=\"tribe-events-schedule__separator tribe-events-schedule__separator--date\">\n\t\t\t\t*\t\t\t<\/span>\n\t\t\t<span class=\"tribe-events-schedule__time tribe-events-schedule__time--start\">\n\t\t\t\t6:00 pm\t\t\t<\/span>\n\t\t\n\t\t\t\t\t\t\t\t\t<span class=\"tribe-events-schedule__separator tribe-events-schedule__separator--time\">\n\t\t\t\t\t &#8211; \t\t\t\t<\/span>\n\t\t\t\n\t\t\t\t\t\t\t<span class=\"tribe-events-schedule__time tribe-events-schedule__time--end\">\n\t\t\t\t\t8:00 pm\t\t\t\t<\/span>\n\t\t\t\n\t\t\t\t\t\t<\/h2>\n<\/div>\n\n\n\n<p class=\"has-text-align-center\">Esta visita guiada se realizar\u00e1 para 12 personas como m\u00e1ximo.<\/p>\n\n\n\n<p class=\"has-text-align-center\">En esta actividad se adoptan las medidas recomendadas para la reducci\u00f3n del contagio por el coronavirus que figuran en la guia publicada por el Instituto para la Calidad Tur\u00edstica Espa\u00f1ola (ICTE) y el Ministerio de Sanidad, tales como uso de amplificador individual, auriculares de un s\u00f3lo uso, etc<\/p>\n\n\n\n<p class=\"has-text-align-center\">Para reservar tu plaza, escribe un whatsapp o sms al 669283866. Gracias<\/p>\n\n\n\n<p class=\"has-text-align-center\">Almagro es uno de los 6 barrios del distrito de Chamber\u00ed, limitado por las calles Santa Engracia al oeste, el paseo de la Castellana al este, Jos\u00e9 Abascal al norte y G\u00e9nova al sur.<\/p>\n\n\n\n<p class=\"has-text-align-center\">La Calle Almagro se llama as\u00ed desde 1872, antes recib\u00eda un curioso nombre del que hablaremos en la visita.<br>Diego de Almagro (1520-1544) conquistador de Per\u00fa muri\u00f3 a garrote vil por luchar contra Pizarro por la posesi\u00f3n de Cuzco.<\/p>\n\n\n\n<p class=\"has-text-align-center\">Haremos una ruta de 2 km para conocer exteriormente 16 Palacios; su historia, los arquitectos que los dise\u00f1aron, curiosidades y an\u00e9cdotas de cada uno&#8230;<\/p>\n\n\n\n<p class=\"has-text-align-center\">Descubrir\u00e1s una peque\u00f1a calle con algunos Palacios preciosos.<\/p>\n\n\n\n<p class=\"has-text-align-center\">Tambi\u00e9n veremos el Monumento a Emilio Castelar, firmado por Mariano Benlliure con cada una de sus alegor\u00edas e historia.<\/p>\n\n\n\n<p class=\"has-text-align-center\">Y una Iglesia de inspiraci\u00f3n neomud\u00e9jar<\/p>\n\n\n\n<p class=\"has-text-align-center\">Un paseo de aproximadamente 2 horas y 2 km, para disfrutar de la tarde del domingo \u00bfTe apetece?<\/p>\n\n\n\n<p class=\"has-text-align-center\">Precio: 12 \u20ac<\/p>\n\n\n\n<p class=\"has-text-align-center\">A todos los asistentes se les mandar\u00e1 por whatsApp un libro de 357 paginas en pdf sobre Palacios de Madrid.<\/p>\n\n\n\n<p class=\"has-text-align-center\">Nos encontramos a las 17:55 h en la boca de metro de Rub\u00e9n Dario, salida Miguel \u00c1ngel Pza. Rub\u00e9n Dar\u00edo, 3 (En el exterior)<\/p>\n\n\n\n<p class=\"has-text-align-center\">Si tienes alguna duda, contacta con Marga, 669 283 866 de L a V , de 10 a 13 h y de 17 a 19 h o antes de la actividad para ubicar al grupo o dar un aviso.<\/p>\n\n\n<div  class=\"tribe-block tribe-block__event-price\" >\n\t\t\t<span class=\"tribe-block__event-price__cost\"> \u20ac12 <\/span>\n\t\t<\/div>\n\n\n<div  class=\"tribe-block tribe-block__organizer__details tribe-clearfix\" >\n\t<div class=\"tribe-block__organizer__title\">\n\t\t<h3>Marga<\/h3>\n\t<\/div>\n\t\t\t<p class=\"tribe-block__organizer__phone\">669283866<\/p>\n\t\t\t\t\t<p class=\"tribe-block__organizer__email\">fm&#097;&#114;g&#097;r&#105;&#116;a&#108;la&#109;a&#115;&#064;&#103;&#109;&#097;i&#108;&#046;&#099;om<\/p>\n\t<\/div>\n\n\n<div  class=\"tribe-block tribe-block__venue tribe-clearfix tribe-block__venue--has-map\" >\n\t\n\t\n<div class=\"tribe-block__venue__meta\">\n\t<div class=\"tribe-block__venue__name\">\n\t\t<h3>Metro Rub\u00e9n Dario<\/h3>\n\t<\/div>\n\n\t\n\t\t\t<address class=\"tribe-block__venue__address\">\n\t\t\t<span class=\"tribe-address\">\n\n<span class=\"tribe-street-address\">metro de Rub\u00e9n Dario, salida Miguel \u00c1ngel Pza. Rub\u00e9n Dar\u00edo, 3 (En el exterior)<\/span>\n\t\n\t\t<br>\n\t\t<span class=\"tribe-locality\">Madrid<\/span><span class=\"tribe-delimiter\">,<\/span>\n\n\t<abbr class=\"tribe-region tribe-events-abbr\" title=\"Comunidad de Madrid\">Comunidad de Madrid<\/abbr>\n\n\t<span class=\"tribe-postal-code\">28010<\/span>\n\n\t<span class=\"tribe-country-name\">Espa\u00f1a<\/span>\n\n<\/span>\n\n\t\t\t\t\t\t\t<a class=\"tribe-events-gmap\" href=\"https:\/\/maps.google.com\/maps?f=q&#038;source=s_q&#038;hl=en&#038;geocode=&#038;q=metro+de+Rub%C3%A9n+Dario%2C+salida+Miguel+%C3%81ngel+Pza.+Rub%C3%A9n+Dar%C3%ADo%2C+3+%28En+el+exterior%29+Madrid+Comunidad+de+Madrid+28010+Espa%C3%B1a\" title=\"Haz clic para ver un mapa de Google\" target=\"_blank\" rel=\"noreferrer noopener\">+ Google Map<\/a>\t\t\t\t\t<\/address>\n\t\n\t\n\t\n\t<\/div>\n\t\n<div class=\"tribe-block__venue__map\">\n\t\n<iframe loading=\"lazy\"\n  title=\"Iframe de Google Maps mostrando la direcci\u00f3n a Metro Rub\u00e9n Dario\"\n  aria-label=\"Mapa de ubicaci\u00f3n del local\"\n  width=\"310px\"\n  height=\"256px\"\n  frameborder=\"0\" style=\"border:0\"\n  src=\"https:\/\/www.google.com\/maps\/embed\/v1\/place?key=AIzaSyDNsicAsP6-VuGtAb1O9riI3oc_NOb7IOU&#038;q=metro+de+Rub%C3%A9n+Dario%2C+salida+Miguel+%C3%81ngel+Pza.+Rub%C3%A9n+Dar%C3%ADo%2C+3+%28En+el+exterior%29+Madrid+Comunidad+de+Madrid+28010+Espa%C3%B1a+&#038;zoom=10\" allowfullscreen>\n<\/iframe>\n<\/div>\n\n\t<\/div>\n\n\n\n\n\t<div  class=\"tribe-block tribe-block__events-link\" >\n\t\t<div class=\"tribe-events tribe-common\">\n\t\t\t<div class=\"tribe-events-c-subscribe-dropdown__container\">\n\t\t\t\t<div class=\"tribe-events-c-subscribe-dropdown\">\n\t\t\t\t\t<div class=\"tribe-common-c-btn-border tribe-events-c-subscribe-dropdown__button\">\n\t\t\t\t\t\t<svg  class=\"tribe-common-c-svgicon tribe-common-c-svgicon--cal-export tribe-events-c-subscribe-dropdown__export-icon\"  viewBox=\"0 0 23 17\" xmlns=\"http:\/\/www.w3.org\/2000\/svg\">\n  <path fill-rule=\"evenodd\" clip-rule=\"evenodd\" d=\"M.128.896V16.13c0 .211.145.383.323.383h15.354c.179 0 .323-.172.323-.383V.896c0-.212-.144-.383-.323-.383H.451C.273.513.128.684.128.896Zm16 6.742h-.901V4.679H1.009v10.729h14.218v-3.336h.901V7.638ZM1.01 1.614h14.218v2.058H1.009V1.614Z\" \/>\n  <path d=\"M20.5 9.846H8.312M18.524 6.953l2.89 2.909-2.855 2.855\" stroke-width=\"1.2\" stroke-linecap=\"round\" stroke-linejoin=\"round\"\/>\n<\/svg>\n\t\t\t\t\t\t<button\n\t\t\t\t\t\t\tclass=\"tribe-events-c-subscribe-dropdown__button-text\"\n\t\t\t\t\t\t\taria-expanded=\"false\"\n\t\t\t\t\t\t\taria-controls=\"tribe-events-subscribe-dropdown-content\"\n\t\t\t\t\t\t\taria-label=\"\"\n\t\t\t\t\t\t>\n\t\t\t\t\t\t\tA\u00f1adir al calendario\t\t\t\t\t\t<\/button>\n\t\t\t\t\t\t<svg  class=\"tribe-common-c-svgicon tribe-common-c-svgicon--caret-down tribe-events-c-subscribe-dropdown__button-icon\"  viewBox=\"0 0 10 7\" xmlns=\"http:\/\/www.w3.org\/2000\/svg\" aria-hidden=\"true\"><path fill-rule=\"evenodd\" clip-rule=\"evenodd\" d=\"M1.008.609L5 4.6 8.992.61l.958.958L5 6.517.05 1.566l.958-.958z\" class=\"tribe-common-c-svgicon__svg-fill\"\/><\/svg>\n\t\t\t\t\t<\/div>\n\t\t\t\t\t<div id=\"tribe-events-subscribe-dropdown-content\" class=\"tribe-events-c-subscribe-dropdown__content\">\n\t\t\t\t\t\t<ul class=\"tribe-events-c-subscribe-dropdown__list\">\n\t\t\t\t\t\t\t\t\t\t\t\t\t\t\t<li class=\"tribe-events-c-subscribe-dropdown__list-item\">\n\t\t\t\t\t\t\t\t\t<a\n\t\t\t\t\t\t\t\t\t\thref=\"https:\/\/www.google.com\/calendar\/event?action=TEMPLATE&#038;dates=20240224T180000\/20240224T200000&#038;text=PALACIOS%20Y%20PALACETES%20DEL%20BARRIO%20ALMAGRO&#038;details=%3Cp+class%3D%22has-text-align-center%22%3EEsta+visita+guiada+se+realizar%C3%A1+para+12+personas+como+m%C3%A1ximo.%3C%2Fp%3E+%3Cp+class%3D%22has-text-align-center%22%3EEn+esta+actividad+se+adoptan+las+medidas+recomendadas+para+la+reducci%C3%B3n+del+contagio+por+el+coronavirus+que+figuran+en+la+guia+publicada+por+el+Instituto+para+la+Calidad+Tur%C3%ADstica+Espa%C3%B1ola+%28ICTE%29+y+el+Ministerio+de+Sanidad%2C+tales+como+uso+de+amplificador+individual%2C+auriculares+de+un+s%C3%B3lo+uso%2C+etc%3C%2Fp%3E+%3Cp+class%3D%22has-text-align-center%22%3EPara+reservar+tu+plaza%2C+escribe+un+whatsapp+o+sms+al+669283866.+Gracias%3C%2Fp%3E+%3Cp+class%3D%22has-text-align-center%22%3EAlmagro+es+uno+de+los+6+barrios+del+distrito+de+Chamber%C3%AD%2C+limitado+por+las+calles+Santa+Engracia+al+oeste%2C+el+paseo+de+la+Castellana+al+este%2C+Jos%C3%A9+Abascal+al+norte+y+G%C3%A9nova+al+sur.%3C%2Fp%3E+%3Cp+class%3D%22has-text-align-center%22%3ELa+Calle+Almagro+se+llama+as%C3%AD+desde+1872%2C+antes+recib%C3%ADa+un+curioso+nombre+del+que+hablaremos+en+la+visita.%3Cbr+%2F%3EDiego+de+Almagro+%281520-1544%29+conquistador+de+Per%C3%BA+muri%C3%B3+a+g%3C%2Fp%3E+%28Ver+aqu%C3%AD+la+descripci%C3%B3n+completa+de+evento%3A+https%3A%2F%2Fludicum.com%2Findex.php%2Fevent%2Fpalacios-y-palacetes-del-barrio-almagro%2F%29&#038;location=Metro%20Rub\u00e9n%20Dario,%20metro%20de%20Rub\u00e9n%20Dario,%20salida%20Miguel%20\u00c1ngel%20Pza.%20Rub\u00e9n%20Dar\u00edo,%203%20(En%20el%20exterior),%20Madrid,%20Comunidad%20de%20Madrid,%2028010,%20Espa\u00f1a&#038;trp=false&#038;ctz=UTC&#038;sprop=website:https:\/\/ludicum.com\"\n\t\t\t\t\t\t\t\t\t\tclass=\"tribe-events-c-subscribe-dropdown__list-item-link\"\n\t\t\t\t\t\t\t\t\t\ttarget=\"_blank\"\n\t\t\t\t\t\t\t\t\t\trel=\"noopener noreferrer nofollow noindex\"\n\t\t\t\t\t\t\t\t\t>\n\t\t\t\t\t\t\t\t\t\tGoogle Calendar\t\t\t\t\t\t\t\t\t<\/a>\n\t\t\t\t\t\t\t\t<\/li>\n\t\t\t\t\t\t\t\t\t\t\t\t\t\t\t<li class=\"tribe-events-c-subscribe-dropdown__list-item\">\n\t\t\t\t\t\t\t\t\t<a\n\t\t\t\t\t\t\t\t\t\thref=\"\"\n\t\t\t\t\t\t\t\t\t\tclass=\"tribe-events-c-subscribe-dropdown__list-item-link\"\n\t\t\t\t\t\t\t\t\t\ttarget=\"_blank\"\n\t\t\t\t\t\t\t\t\t\trel=\"noopener noreferrer nofollow noindex\"\n\t\t\t\t\t\t\t\t\t>\n\t\t\t\t\t\t\t\t\t\tiCalendar\t\t\t\t\t\t\t\t\t<\/a>\n\t\t\t\t\t\t\t\t<\/li>\n\t\t\t\t\t\t\t\t\t\t\t\t\t\t\t<li class=\"tribe-events-c-subscribe-dropdown__list-item\">\n\t\t\t\t\t\t\t\t\t<a\n\t\t\t\t\t\t\t\t\t\thref=\"\"\n\t\t\t\t\t\t\t\t\t\tclass=\"tribe-events-c-subscribe-dropdown__list-item-link\"\n\t\t\t\t\t\t\t\t\t\ttarget=\"_blank\"\n\t\t\t\t\t\t\t\t\t\trel=\"noopener noreferrer nofollow noindex\"\n\t\t\t\t\t\t\t\t\t>\n\t\t\t\t\t\t\t\t\t\tOutlook 365\t\t\t\t\t\t\t\t\t<\/a>\n\t\t\t\t\t\t\t\t<\/li>\n\t\t\t\t\t\t\t\t\t\t\t\t\t\t\t<li class=\"tribe-events-c-subscribe-dropdown__list-item\">\n\t\t\t\t\t\t\t\t\t<a\n\t\t\t\t\t\t\t\t\t\thref=\"\"\n\t\t\t\t\t\t\t\t\t\tclass=\"tribe-events-c-subscribe-dropdown__list-item-link\"\n\t\t\t\t\t\t\t\t\t\ttarget=\"_blank\"\n\t\t\t\t\t\t\t\t\t\trel=\"noopener noreferrer nofollow noindex\"\n\t\t\t\t\t\t\t\t\t>\n\t\t\t\t\t\t\t\t\t\tOutlook Live\t\t\t\t\t\t\t\t\t<\/a>\n\t\t\t\t\t\t\t\t<\/li>\n\t\t\t\t\t\t\t\t\t\t\t\t\t<\/ul>\n\t\t\t\t\t<\/div>\n\t\t\t\t<\/div>\n\t\t\t<\/div>\n\t\t<\/div>\n\t<\/div>\n\n","protected":false},"excerpt":{"rendered":"<p>Una tarde entre Palacios, para observar cada uno de sus detalles y conocer su historia, vente, te gustar\u00e1<\/p>\n","protected":false},"author":1,"featured_media":356,"comment_status":"open","ping_status":"closed","template":"","meta":{"_mi_skip_tracking":false,"_monsterinsights_sitenote_active":false,"_monsterinsights_sitenote_note":"","_monsterinsights_sitenote_category":0,"_EventAllDay":false,"_EventTimezone":"UTC+0","_EventStartDate":"2024-02-24 18:00:00","_EventEndDate":"2024-02-24 20:00:00","_EventStartDateUTC":"2024-02-24 18:00:00","_EventEndDateUTC":"2024-02-24 20:00:00","_EventShowMap":true,"_EventShowMapLink":true,"_EventURL":"","_EventCost":"12","_EventCostDescription":"","_EventCurrencySymbol":"\u20ac","_EventCurrencyCode":"Eur","_EventCurrencyPosition":"prefix","_EventDateTimeSeparator":"*","_EventTimeRangeSeparator":" - ","_EventOrganizerID":[216],"_EventVenueID":[354],"_OrganizerEmail":"","_OrganizerPhone":"","_OrganizerWebsite":"","_VenueAddress":"","_VenueCity":"","_VenueCountry":"","_VenueProvince":"","_VenueState":"","_VenueZip":"","_VenuePhone":"","_VenueURL":"","_VenueStateProvince":"","_VenueLat":"","_VenueLng":"","_VenueShowMap":false,"_VenueShowMapLink":false,"_tribe_events_status":"","_tribe_events_status_reason":"","footnotes":""},"tags":[50,51,6],"tribe_events_cat":[11,10],"class_list":["post-352","tribe_events","type-tribe_events","status-publish","has-post-thumbnail","hentry","tag-domingo","tag-planes-para-el-puente","tag-visitas-guiadas","tribe_events_cat-conocer-madrid","tribe_events_cat-visita-guiada","cat_conocer-madrid","cat_visita-guiada"],"yoast_head":"<!-- This site is optimized with the Yoast SEO plugin v20.8 - https:\/\/yoast.com\/wordpress\/plugins\/seo\/ -->\n<title>PALACIOS Y PALACETES DEL BARRIO ALMAGRO - Ludicum<\/title>\n<meta name=\"description\" content=\"Una tarde entre Palacios, para observar cada uno de sus detalles y conocer su historia, vente, te gustar\u00e1\" \/>\n<meta name=\"robots\" content=\"index, follow, max-snippet:-1, max-image-preview:large, max-video-preview:-1\" \/>\n<link rel=\"canonical\" href=\"https:\/\/ludicum.com\/index.php\/event\/palacios-y-palacetes-del-barrio-almagro\/\" \/>\n<meta property=\"og:locale\" content=\"es_ES\" \/>\n<meta property=\"og:type\" content=\"article\" \/>\n<meta property=\"og:title\" content=\"PALACIOS Y PALACETES DEL BARRIO ALMAGRO - Ludicum\" \/>\n<meta property=\"og:description\" content=\"Una tarde entre Palacios, para observar cada uno de sus detalles y conocer su historia, vente, te gustar\u00e1\" \/>\n<meta property=\"og:url\" content=\"https:\/\/ludicum.com\/index.php\/event\/palacios-y-palacetes-del-barrio-almagro\/\" \/>\n<meta property=\"og:site_name\" content=\"Ludicum\" \/>\n<meta property=\"article:publisher\" content=\"https:\/\/www.facebook.com\/ludicum.madrid\/events\" \/>\n<meta property=\"article:modified_time\" content=\"2024-01-27T11:22:05+00:00\" \/>\n<meta property=\"og:image\" content=\"https:\/\/ludicum.com\/wp-content\/uploads\/2023\/05\/20200126_173534.jpg\" \/>\n\t<meta property=\"og:image:width\" content=\"3343\" \/>\n\t<meta property=\"og:image:height\" content=\"3071\" \/>\n\t<meta property=\"og:image:type\" content=\"image\/jpeg\" \/>\n<meta name=\"twitter:card\" content=\"summary_large_image\" \/>\n<meta name=\"twitter:site\" content=\"@Ludicumocio\" \/>\n<meta name=\"twitter:label1\" content=\"Tiempo de lectura\" \/>\n\t<meta name=\"twitter:data1\" content=\"2 minutos\" \/>\n<script type=\"application\/ld+json\" class=\"yoast-schema-graph\">{\"@context\":\"https:\/\/schema.org\",\"@graph\":[{\"@type\":\"WebPage\",\"@id\":\"https:\/\/ludicum.com\/index.php\/event\/palacios-y-palacetes-del-barrio-almagro\/\",\"url\":\"https:\/\/ludicum.com\/index.php\/event\/palacios-y-palacetes-del-barrio-almagro\/\",\"name\":\"PALACIOS Y PALACETES DEL BARRIO ALMAGRO - Ludicum\",\"isPartOf\":{\"@id\":\"https:\/\/ludicum.com\/#website\"},\"datePublished\":\"2023-05-09T18:44:54+00:00\",\"dateModified\":\"2024-01-27T11:22:05+00:00\",\"description\":\"Una tarde entre Palacios, para observar cada uno de sus detalles y conocer su historia, vente, te gustar\u00e1\",\"breadcrumb\":{\"@id\":\"https:\/\/ludicum.com\/index.php\/event\/palacios-y-palacetes-del-barrio-almagro\/#breadcrumb\"},\"inLanguage\":\"es\",\"potentialAction\":[{\"@type\":\"ReadAction\",\"target\":[\"https:\/\/ludicum.com\/index.php\/event\/palacios-y-palacetes-del-barrio-almagro\/\"]}]},{\"@type\":\"BreadcrumbList\",\"@id\":\"https:\/\/ludicum.com\/index.php\/event\/palacios-y-palacetes-del-barrio-almagro\/#breadcrumb\",\"itemListElement\":[{\"@type\":\"ListItem\",\"position\":1,\"name\":\"Portada\"},{\"@type\":\"ListItem\",\"position\":2,\"name\":\"Eventos\",\"item\":\"https:\/\/ludicum.com\/\"},{\"@type\":\"ListItem\",\"position\":3,\"name\":\"PALACIOS Y PALACETES DEL BARRIO ALMAGRO\"}]},{\"@type\":\"WebSite\",\"@id\":\"https:\/\/ludicum.com\/#website\",\"url\":\"https:\/\/ludicum.com\/\",\"name\":\"Ludicum\",\"description\":\"Visitas guiadas y actividades culturales\",\"publisher\":{\"@id\":\"https:\/\/ludicum.com\/#\/schema\/person\/df8399c6adb1eee0d6dcb27a798191fe\"},\"potentialAction\":[{\"@type\":\"SearchAction\",\"target\":{\"@type\":\"EntryPoint\",\"urlTemplate\":\"https:\/\/ludicum.com\/?s={search_term_string}\"},\"query-input\":\"required name=search_term_string\"}],\"inLanguage\":\"es\"},{\"@type\":[\"Person\",\"Organization\"],\"@id\":\"https:\/\/ludicum.com\/#\/schema\/person\/df8399c6adb1eee0d6dcb27a798191fe\",\"name\":\"Marga\",\"image\":{\"@type\":\"ImageObject\",\"inLanguage\":\"es\",\"@id\":\"https:\/\/ludicum.com\/#\/schema\/person\/image\/\",\"url\":\"https:\/\/ludicum.com\/wp-content\/uploads\/2023\/02\/Logo-cuadrado-fondo-blanco.jpg\",\"contentUrl\":\"https:\/\/ludicum.com\/wp-content\/uploads\/2023\/02\/Logo-cuadrado-fondo-blanco.jpg\",\"width\":475,\"height\":447,\"caption\":\"Marga\"},\"logo\":{\"@id\":\"https:\/\/ludicum.com\/#\/schema\/person\/image\/\"},\"sameAs\":[\"http:\/\/51.254.99.69\",\"https:\/\/www.facebook.com\/ludicum.madrid\/events\",\"https:\/\/www.instagram.com\/margallamas\/\",\"https:\/\/www.linkedin.com\/in\/margarita-llamas-2871b281\/\",\"https:\/\/www.pinterest.es\/ludicum\/\",\"https:\/\/twitter.com\/https:\/\/twitter.com\/Ludicumocio\",\"https:\/\/www.youtube.com\/channel\/UC6wtOqPEEg1FT-vN7RDG4Jw\"]}]}<\/script>\n<!-- \/ Yoast SEO plugin. -->","yoast_head_json":{"title":"PALACIOS Y PALACETES DEL BARRIO ALMAGRO - Ludicum","description":"Una tarde entre Palacios, para observar cada uno de sus detalles y conocer su historia, vente, te gustar\u00e1","robots":{"index":"index","follow":"follow","max-snippet":"max-snippet:-1","max-image-preview":"max-image-preview:large","max-video-preview":"max-video-preview:-1"},"canonical":"https:\/\/ludicum.com\/index.php\/event\/palacios-y-palacetes-del-barrio-almagro\/","og_locale":"es_ES","og_type":"article","og_title":"PALACIOS Y PALACETES DEL BARRIO ALMAGRO - Ludicum","og_description":"Una tarde entre Palacios, para observar cada uno de sus detalles y conocer su historia, vente, te gustar\u00e1","og_url":"https:\/\/ludicum.com\/index.php\/event\/palacios-y-palacetes-del-barrio-almagro\/","og_site_name":"Ludicum","article_publisher":"https:\/\/www.facebook.com\/ludicum.madrid\/events","article_modified_time":"2024-01-27T11:22:05+00:00","og_image":[{"width":3343,"height":3071,"url":"https:\/\/ludicum.com\/wp-content\/uploads\/2023\/05\/20200126_173534.jpg","type":"image\/jpeg"}],"twitter_card":"summary_large_image","twitter_site":"@Ludicumocio","twitter_misc":{"Tiempo de lectura":"2 minutos"},"schema":{"@context":"https:\/\/schema.org","@graph":[{"@type":"WebPage","@id":"https:\/\/ludicum.com\/index.php\/event\/palacios-y-palacetes-del-barrio-almagro\/","url":"https:\/\/ludicum.com\/index.php\/event\/palacios-y-palacetes-del-barrio-almagro\/","name":"PALACIOS Y PALACETES DEL BARRIO ALMAGRO - Ludicum","isPartOf":{"@id":"https:\/\/ludicum.com\/#website"},"datePublished":"2023-05-09T18:44:54+00:00","dateModified":"2024-01-27T11:22:05+00:00","description":"Una tarde entre Palacios, para observar cada uno de sus detalles y conocer su historia, vente, te gustar\u00e1","breadcrumb":{"@id":"https:\/\/ludicum.com\/index.php\/event\/palacios-y-palacetes-del-barrio-almagro\/#breadcrumb"},"inLanguage":"es","potentialAction":[{"@type":"ReadAction","target":["https:\/\/ludicum.com\/index.php\/event\/palacios-y-palacetes-del-barrio-almagro\/"]}]},{"@type":"BreadcrumbList","@id":"https:\/\/ludicum.com\/index.php\/event\/palacios-y-palacetes-del-barrio-almagro\/#breadcrumb","itemListElement":[{"@type":"ListItem","position":1,"name":"Portada"},{"@type":"ListItem","position":2,"name":"Eventos","item":"https:\/\/ludicum.com\/"},{"@type":"ListItem","position":3,"name":"PALACIOS Y PALACETES DEL BARRIO ALMAGRO"}]},{"@type":"WebSite","@id":"https:\/\/ludicum.com\/#website","url":"https:\/\/ludicum.com\/","name":"Ludicum","description":"Visitas guiadas y actividades culturales","publisher":{"@id":"https:\/\/ludicum.com\/#\/schema\/person\/df8399c6adb1eee0d6dcb27a798191fe"},"potentialAction":[{"@type":"SearchAction","target":{"@type":"EntryPoint","urlTemplate":"https:\/\/ludicum.com\/?s={search_term_string}"},"query-input":"required name=search_term_string"}],"inLanguage":"es"},{"@type":["Person","Organization"],"@id":"https:\/\/ludicum.com\/#\/schema\/person\/df8399c6adb1eee0d6dcb27a798191fe","name":"Marga","image":{"@type":"ImageObject","inLanguage":"es","@id":"https:\/\/ludicum.com\/#\/schema\/person\/image\/","url":"https:\/\/ludicum.com\/wp-content\/uploads\/2023\/02\/Logo-cuadrado-fondo-blanco.jpg","contentUrl":"https:\/\/ludicum.com\/wp-content\/uploads\/2023\/02\/Logo-cuadrado-fondo-blanco.jpg","width":475,"height":447,"caption":"Marga"},"logo":{"@id":"https:\/\/ludicum.com\/#\/schema\/person\/image\/"},"sameAs":["http:\/\/51.254.99.69","https:\/\/www.facebook.com\/ludicum.madrid\/events","https:\/\/www.instagram.com\/margallamas\/","https:\/\/www.linkedin.com\/in\/margarita-llamas-2871b281\/","https:\/\/www.pinterest.es\/ludicum\/","https:\/\/twitter.com\/https:\/\/twitter.com\/Ludicumocio","https:\/\/www.youtube.com\/channel\/UC6wtOqPEEg1FT-vN7RDG4Jw"]}]}},"_links":{"self":[{"href":"https:\/\/ludicum.com\/index.php\/wp-json\/wp\/v2\/tribe_events\/352","targetHints":{"allow":["GET"]}}],"collection":[{"href":"https:\/\/ludicum.com\/index.php\/wp-json\/wp\/v2\/tribe_events"}],"about":[{"href":"https:\/\/ludicum.com\/index.php\/wp-json\/wp\/v2\/types\/tribe_events"}],"author":[{"embeddable":true,"href":"https:\/\/ludicum.com\/index.php\/wp-json\/wp\/v2\/users\/1"}],"replies":[{"embeddable":true,"href":"https:\/\/ludicum.com\/index.php\/wp-json\/wp\/v2\/comments?post=352"}],"version-history":[{"count":2,"href":"https:\/\/ludicum.com\/index.php\/wp-json\/wp\/v2\/tribe_events\/352\/revisions"}],"predecessor-version":[{"id":468,"href":"https:\/\/ludicum.com\/index.php\/wp-json\/wp\/v2\/tribe_events\/352\/revisions\/468"}],"wp:featuredmedia":[{"embeddable":true,"href":"https:\/\/ludicum.com\/index.php\/wp-json\/wp\/v2\/media\/356"}],"wp:attachment":[{"href":"https:\/\/ludicum.com\/index.php\/wp-json\/wp\/v2\/media?parent=352"}],"wp:term":[{"taxonomy":"post_tag","embeddable":true,"href":"https:\/\/ludicum.com\/index.php\/wp-json\/wp\/v2\/tags?post=352"},{"taxonomy":"tribe_events_cat","embeddable":true,"href":"https:\/\/ludicum.com\/index.php\/wp-json\/wp\/v2\/tribe_events_cat?post=352"}],"curies":[{"name":"wp","href":"https:\/\/api.w.org\/{rel}","templated":true}]}}