{"id":359,"date":"2023-05-10T17:00:39","date_gmt":"2023-05-10T17:00:39","guid":{"rendered":"https:\/\/ludicum.com\/?post_type=tribe_events&#038;p=359"},"modified":"2024-12-28T09:15:45","modified_gmt":"2024-12-28T09:15:45","slug":"paseo-guiado-jardines-del-campo-del-moro-sabatini","status":"publish","type":"tribe_events","link":"https:\/\/ludicum.com\/index.php\/event\/paseo-guiado-jardines-del-campo-del-moro-sabatini\/","title":{"rendered":"PASEO GUIADO JARDINES DEL CAMPO DEL MORO- SABATINI"},"content":{"rendered":"<div  class=\"tribe-events-schedule tribe-clearfix\" >\n\t<h2 class=\"tribe-events-schedule__datetime\">\n\t\t<span class=\"tribe-events-schedule__date tribe-events-schedule__date--start\">\n\t\t\tmarzo 22, 2025\t\t<\/span>\n\n\t\t\t\t\t<span class=\"tribe-events-schedule__separator tribe-events-schedule__separator--date\">\n\t\t\t\t*\t\t\t<\/span>\n\t\t\t<span class=\"tribe-events-schedule__time tribe-events-schedule__time--start\">\n\t\t\t\t11:00 am\t\t\t<\/span>\n\t\t\n\t\t\t\t\t\t\t\t\t<span class=\"tribe-events-schedule__separator tribe-events-schedule__separator--time\">\n\t\t\t\t\t &#8211; \t\t\t\t<\/span>\n\t\t\t\n\t\t\t\t\t\t\t<span class=\"tribe-events-schedule__time tribe-events-schedule__time--end\">\n\t\t\t\t\t1:00 pm\t\t\t\t<\/span>\n\t\t\t\n\t\t\t\t\t\t<\/h2>\n<\/div>\n\n\n\n<p><\/p>\n\n\n\n<p class=\"has-text-align-center\">Esta visita guiada se realizar\u00e1 para 15 personas como m\u00e1ximo.<\/p>\n\n\n\n<p class=\"has-text-align-center\">En esta actividad se adoptan las medidas recomendadas en la gu\u00eda publicada por el Instituto para la Calidad<br>Tur\u00edstica Espa\u00f1ola (ICTE), tales como uso de receptores y auriculares individuales.<\/p>\n\n\n\n<p class=\"has-text-align-center\">Para reservar tu plaza, escribe un whatsapp o sms al 669283866 para confirmar si hay plaza. En caso afirmativo podr\u00e1s realizar el pago por Bizum, Paypal o transferencia para asegurar tu plaza. gracias<\/p>\n\n\n\n<p class=\"has-text-align-center\">Para esta ma\u00f1ana de domingo te hemos preparado una visita guiada muy interesante:<\/p>\n\n\n\n<p class=\"has-text-align-center\">Comenzaremos visitando los jardines de Sabatini y despu\u00e9s el Campo del Moro, est\u00e1 pegados, pero para acceder hay que dar un paseito de 900 km. (12-15 minutos andando)<\/p>\n\n\n\n<p class=\"has-text-align-center\">El terreno que ahora ocupan los Jardines de Sabatini se destin\u00f3 a Caballerizas Reales, que se encarg\u00f3 de construir el arquitecto Francesco Sabatini, as\u00ed como de la construcci\u00f3n del edificio principal. Fue en los a\u00f1os 30 del siglo XX, cuando se derribaron las construcciones dedicadas a caballerizas y se convoc\u00f3 un concurso para transformar el espacio en unos jardines que recordaran la idea original del Palacio.<\/p>\n\n\n\n<p class=\"has-text-align-center\">Veremos:<br>La escultura de Carlos III<br>El estanque<br>La vista de la fachada norte del Palacio.<br>Esculturas de 8 Reyes: Alfonso VI, Alfonso VIII, Jaime I, Alfonso X, Felipe II, Fernando el cat\u00f3lico, Isabel la Cat\u00f3lica y Fernando III<br>2 estatuas ecuestres.<br>Fuentes ocultas en 4 mini laberintos<\/p>\n\n\n\n<p class=\"has-text-align-center\">Despu\u00e9s iremos a los Jardines del Campo del Moro fueron declarados de inter\u00e9s hist\u00f3rico-art\u00edstico en 1931.<br>Felipe II compr\u00f3 los terrenos por ser colindantes al alc\u00e1zar, pero fue en tiempos de Isabel II, de quien se conserva una estatua en el lado norte del recinto. , cuando el arquitecto mayor de Palacio, Narciso Pascual y Colomer, recibe el encargo de crear unos jardines que realzaran la grandeza del Palacio Real y estuvieran a su altura.<\/p>\n\n\n\n<p class=\"has-text-align-center\">Veremos:<br>La entrada al T\u00fanel de Bonaparte<br>la Fuente de las Conchas; llena de personajes mitol\u00f3gicos y que antiguamente estaba en otro emplazamiento<br>La Fuente de los Tritones; atra\u00eddo del jard\u00edn de la Isla de Aranjuez.<br>El Chalet de corcho<br>El Chalet de la Reina<br>Estatua de Isabel II<br>Estatua de Francisco de As\u00eds<br>La Casita elevada<br>El Palacio Real desde su fachada posterior<\/p>\n\n\n\n<p class=\"has-text-align-center\">En el jard\u00edn hay 70 especies de \u00e1rboles; algunos catalogados como \u00e1rboles singulares por la Comunidad de Madrid, faisanes y pavos reales<\/p>\n\n\n\n<p class=\"has-text-align-center\">Precio del paseo: 12\u20ac por bizum o transferencia.<\/p>\n\n\n\n<p class=\"has-text-align-center\">A todos los participantes se les enviar\u00e1 posteriormente 2 documentos en pdf: Uno de 56 p\u00e1ginas sobre el Jard\u00edn de Sabatini y otro de 88 p\u00e1ginas de varios jardines, donde se explican los diferentes proyectos que se hicieron para los jardines del Campo del Moro.<\/p>\n\n\n\n<p class=\"has-text-align-center\">Tiempo aproximado: 2 horas.<\/p>\n\n\n\n<p class=\"has-text-align-center\">Si tienes alguna duda, puedes contactar con Marga de L a V de 10 a 13 hy de 17 a 19 h, 669 283 866<\/p>\n\n\n\n<p class=\"has-text-align-center\">\u00a1Te esperamos!<br>Nos encontramos a las 10;55 h en la entrada principal del Parque, en la calle Bail\u00e9n 2<\/p>\n\n\n\n<p class=\"has-text-align-center\"><a href=\"https:\/\/www.youtube.com\/watch?v=CWpxNJsTz8Y\">https:\/\/www.youtube.com\/watch?v=CWpxNJsTz8Y<\/a><\/p>\n\n\n\n<figure class=\"wp-block-embed is-type-video is-provider-youtube wp-block-embed-youtube wp-embed-aspect-16-9 wp-has-aspect-ratio\"><div class=\"wp-block-embed__wrapper\">\n<iframe loading=\"lazy\" title=\"Campo del Moro\" width=\"640\" height=\"360\" src=\"https:\/\/www.youtube.com\/embed\/CWpxNJsTz8Y?feature=oembed\" frameborder=\"0\" allow=\"accelerometer; autoplay; clipboard-write; encrypted-media; gyroscope; picture-in-picture; web-share\" referrerpolicy=\"strict-origin-when-cross-origin\" allowfullscreen><\/iframe>\n<\/div><\/figure>\n\n\n\n<p class=\"has-text-align-center\"><\/p>\n\n\n<div  class=\"tribe-block tribe-block__event-price\" >\n\t\t\t<span class=\"tribe-block__event-price__cost\"> \u20ac12 <\/span>\n\t\t<\/div>\n\n\n<div  class=\"tribe-block tribe-block__organizer__details tribe-clearfix\" >\n\t<div class=\"tribe-block__organizer__title\">\n\t\t<h3>Marga<\/h3>\n\t<\/div>\n\t\t\t<p class=\"tribe-block__organizer__phone\">669283866<\/p>\n\t\t\t\t\t<p class=\"tribe-block__organizer__email\">fma&#114;&#103;&#097;ri&#116;&#097;&#108;l&#097;mas&#064;&#103;mail.&#099;&#111;&#109;<\/p>\n\t<\/div>\n\n\n<div  class=\"tribe-block tribe-block__venue tribe-clearfix\" >\n\t\n\t\n<div class=\"tribe-block__venue__meta\">\n\t<div class=\"tribe-block__venue__name\">\n\t\t<h3>Jardines de Sabatini<\/h3>\n\t<\/div>\n\n\t\n\t\t\t<address class=\"tribe-block__venue__address\">\n\t\t\t<span class=\"tribe-address\">\n\n<span class=\"tribe-street-address\">Calle Bailen, 2<\/span>\n\t\n\t\t<br>\n\t\t<span class=\"tribe-locality\">Madrid<\/span><span class=\"tribe-delimiter\">,<\/span>\n\n\t<abbr class=\"tribe-region tribe-events-abbr\" title=\"Comunidad de Madrid\">Comunidad de Madrid<\/abbr>\n\n\t<span class=\"tribe-postal-code\">28013<\/span>\n\n\t<span class=\"tribe-country-name\">Espa\u00f1a<\/span>\n\n<\/span>\n\n\t\t\t\t\t<\/address>\n\t\n\t\n\t\n\t<\/div>\n\t\n\t<\/div>\n\n\n\n\n\t<div  class=\"tribe-block tribe-block__events-link\" >\n\t\t<div class=\"tribe-events tribe-common\">\n\t\t\t<div class=\"tribe-events-c-subscribe-dropdown__container\">\n\t\t\t\t<div class=\"tribe-events-c-subscribe-dropdown\">\n\t\t\t\t\t<div class=\"tribe-common-c-btn-border tribe-events-c-subscribe-dropdown__button\">\n\t\t\t\t\t\t<svg  class=\"tribe-common-c-svgicon tribe-common-c-svgicon--cal-export tribe-events-c-subscribe-dropdown__export-icon\"  viewBox=\"0 0 23 17\" xmlns=\"http:\/\/www.w3.org\/2000\/svg\">\n  <path fill-rule=\"evenodd\" clip-rule=\"evenodd\" d=\"M.128.896V16.13c0 .211.145.383.323.383h15.354c.179 0 .323-.172.323-.383V.896c0-.212-.144-.383-.323-.383H.451C.273.513.128.684.128.896Zm16 6.742h-.901V4.679H1.009v10.729h14.218v-3.336h.901V7.638ZM1.01 1.614h14.218v2.058H1.009V1.614Z\" \/>\n  <path d=\"M20.5 9.846H8.312M18.524 6.953l2.89 2.909-2.855 2.855\" stroke-width=\"1.2\" stroke-linecap=\"round\" stroke-linejoin=\"round\"\/>\n<\/svg>\n\t\t\t\t\t\t<button\n\t\t\t\t\t\t\tclass=\"tribe-events-c-subscribe-dropdown__button-text\"\n\t\t\t\t\t\t\taria-expanded=\"false\"\n\t\t\t\t\t\t\taria-controls=\"tribe-events-subscribe-dropdown-content\"\n\t\t\t\t\t\t\taria-label=\"\"\n\t\t\t\t\t\t>\n\t\t\t\t\t\t\tA\u00f1adir al calendario\t\t\t\t\t\t<\/button>\n\t\t\t\t\t\t<svg  class=\"tribe-common-c-svgicon tribe-common-c-svgicon--caret-down tribe-events-c-subscribe-dropdown__button-icon\"  viewBox=\"0 0 10 7\" xmlns=\"http:\/\/www.w3.org\/2000\/svg\" aria-hidden=\"true\"><path fill-rule=\"evenodd\" clip-rule=\"evenodd\" d=\"M1.008.609L5 4.6 8.992.61l.958.958L5 6.517.05 1.566l.958-.958z\" class=\"tribe-common-c-svgicon__svg-fill\"\/><\/svg>\n\t\t\t\t\t<\/div>\n\t\t\t\t\t<div id=\"tribe-events-subscribe-dropdown-content\" class=\"tribe-events-c-subscribe-dropdown__content\">\n\t\t\t\t\t\t<ul class=\"tribe-events-c-subscribe-dropdown__list\">\n\t\t\t\t\t\t\t\t\t\t\t\t\t\t\t<li class=\"tribe-events-c-subscribe-dropdown__list-item\">\n\t\t\t\t\t\t\t\t\t<a\n\t\t\t\t\t\t\t\t\t\thref=\"https:\/\/www.google.com\/calendar\/event?action=TEMPLATE&#038;dates=20250322T110000\/20250322T130000&#038;text=PASEO%20GUIADO%20JARDINES%20DEL%20CAMPO%20DEL%20MORO-%20SABATINI&#038;details=%3Cp%3E%3C%2Fp%3E+%3Cp+class%3D%22has-text-align-center%22%3EEsta+visita+guiada+se+realizar%C3%A1+para+15+personas+como+m%C3%A1ximo.%3C%2Fp%3E+%3Cp+class%3D%22has-text-align-center%22%3EEn+esta+actividad+se+adoptan+las+medidas+recomendadas+en+la+gu%C3%ADa+publicada+por+el+Instituto+para+la+Calidad%3Cbr+%2F%3ETur%C3%ADstica+Espa%C3%B1ola+%28ICTE%29%2C+tales+como+uso+de+receptores+y+auriculares+individuales.%3C%2Fp%3E+%3Cp+class%3D%22has-text-align-center%22%3EPara+reservar+tu+plaza%2C+escribe+un+whatsapp+o+sms+al+669283866+para+confirmar+si+hay+plaza.+En+caso+afirmativo+podr%C3%A1s+realizar+el+pago+por+Bizum%2C+Paypal+o+transferencia+para+asegurar+tu+plaza.+gracias%3C%2Fp%3E+%3Cp+class%3D%22has-text-align-center%22%3EPara+esta+ma%C3%B1ana+de+domingo+te+hemos+preparado+una+visita+guiada+muy+interesante%3A%3C%2Fp%3E+%3Cp+class%3D%22has-text-align-center%22%3EComenzaremos+visitando+los+jardines+de+Sabatini+y+despu%C3%A9s+el+Campo+del+Moro%2C+est%C3%A1+pegados%2C+pero+para+acceder+hay+que+dar+un+paseito+de+900+km.+%2812-15+minutos+andando%29%3C%2Fp%3E+%3Cp+class%3D%22has-text-align-center%22%3EEl+terreno+que+ahora+ocupan%3C%2Fp%3E+%28Ver+aqu%C3%AD+la+descripci%C3%B3n+completa+de+evento%3A+https%3A%2F%2Fludicum.com%2Findex.php%2Fevent%2Fpaseo-guiado-jardines-del-campo-del-moro-sabatini%2F%29&#038;location=Jardines%20de%20Sabatini,%20Calle%20Bailen,%202,%20Madrid,%20Comunidad%20de%20Madrid,%2028013,%20Espa\u00f1a&#038;trp=false&#038;ctz=UTC&#038;sprop=website:https:\/\/ludicum.com\"\n\t\t\t\t\t\t\t\t\t\tclass=\"tribe-events-c-subscribe-dropdown__list-item-link\"\n\t\t\t\t\t\t\t\t\t\ttarget=\"_blank\"\n\t\t\t\t\t\t\t\t\t\trel=\"noopener noreferrer nofollow noindex\"\n\t\t\t\t\t\t\t\t\t>\n\t\t\t\t\t\t\t\t\t\tGoogle Calendar\t\t\t\t\t\t\t\t\t<\/a>\n\t\t\t\t\t\t\t\t<\/li>\n\t\t\t\t\t\t\t\t\t\t\t\t\t\t\t<li class=\"tribe-events-c-subscribe-dropdown__list-item\">\n\t\t\t\t\t\t\t\t\t<a\n\t\t\t\t\t\t\t\t\t\thref=\"\"\n\t\t\t\t\t\t\t\t\t\tclass=\"tribe-events-c-subscribe-dropdown__list-item-link\"\n\t\t\t\t\t\t\t\t\t\ttarget=\"_blank\"\n\t\t\t\t\t\t\t\t\t\trel=\"noopener noreferrer nofollow noindex\"\n\t\t\t\t\t\t\t\t\t>\n\t\t\t\t\t\t\t\t\t\tiCalendar\t\t\t\t\t\t\t\t\t<\/a>\n\t\t\t\t\t\t\t\t<\/li>\n\t\t\t\t\t\t\t\t\t\t\t\t\t\t\t<li class=\"tribe-events-c-subscribe-dropdown__list-item\">\n\t\t\t\t\t\t\t\t\t<a\n\t\t\t\t\t\t\t\t\t\thref=\"\"\n\t\t\t\t\t\t\t\t\t\tclass=\"tribe-events-c-subscribe-dropdown__list-item-link\"\n\t\t\t\t\t\t\t\t\t\ttarget=\"_blank\"\n\t\t\t\t\t\t\t\t\t\trel=\"noopener noreferrer nofollow noindex\"\n\t\t\t\t\t\t\t\t\t>\n\t\t\t\t\t\t\t\t\t\tOutlook 365\t\t\t\t\t\t\t\t\t<\/a>\n\t\t\t\t\t\t\t\t<\/li>\n\t\t\t\t\t\t\t\t\t\t\t\t\t\t\t<li class=\"tribe-events-c-subscribe-dropdown__list-item\">\n\t\t\t\t\t\t\t\t\t<a\n\t\t\t\t\t\t\t\t\t\thref=\"\"\n\t\t\t\t\t\t\t\t\t\tclass=\"tribe-events-c-subscribe-dropdown__list-item-link\"\n\t\t\t\t\t\t\t\t\t\ttarget=\"_blank\"\n\t\t\t\t\t\t\t\t\t\trel=\"noopener noreferrer nofollow noindex\"\n\t\t\t\t\t\t\t\t\t>\n\t\t\t\t\t\t\t\t\t\tOutlook Live\t\t\t\t\t\t\t\t\t<\/a>\n\t\t\t\t\t\t\t\t<\/li>\n\t\t\t\t\t\t\t\t\t\t\t\t\t<\/ul>\n\t\t\t\t\t<\/div>\n\t\t\t\t<\/div>\n\t\t\t<\/div>\n\t\t<\/div>\n\t<\/div>\n\n","protected":false},"excerpt":{"rendered":"<p>Un domingo por la ma\u00f1ana para conocer estos 2 preciosos jardines de nuestra Villa<\/p>\n","protected":false},"author":1,"featured_media":362,"comment_status":"open","ping_status":"closed","template":"","meta":{"_mi_skip_tracking":false,"_monsterinsights_sitenote_active":false,"_monsterinsights_sitenote_note":"","_monsterinsights_sitenote_category":0,"_EventAllDay":false,"_EventTimezone":"UTC+0","_EventStartDate":"2025-03-22 11:00:00","_EventEndDate":"2025-03-22 13:00:00","_EventStartDateUTC":"2025-03-22 11:00:00","_EventEndDateUTC":"2025-03-22 13:00:00","_EventShowMap":true,"_EventShowMapLink":true,"_EventURL":"","_EventCost":"12","_EventCostDescription":"","_EventCurrencySymbol":"\u20ac","_EventCurrencyCode":"Eur","_EventCurrencyPosition":"prefix","_EventDateTimeSeparator":"*","_EventTimeRangeSeparator":" - ","_EventOrganizerID":[216],"_EventVenueID":[361],"_OrganizerEmail":"","_OrganizerPhone":"","_OrganizerWebsite":"","_VenueAddress":"","_VenueCity":"","_VenueCountry":"","_VenueProvince":"","_VenueState":"","_VenueZip":"","_VenuePhone":"","_VenueURL":"","_VenueStateProvince":"","_VenueLat":"","_VenueLng":"","_VenueShowMap":false,"_VenueShowMapLink":false,"_tribe_events_status":"","_tribe_events_status_reason":"","footnotes":""},"tags":[52,7,53,6],"tribe_events_cat":[11,10],"class_list":["post-359","tribe_events","type-tribe_events","status-publish","has-post-thumbnail","hentry","tag-campo-del-moro","tag-conocer-madrid","tag-jardines-de-sabatini","tag-visitas-guiadas","tribe_events_cat-conocer-madrid","tribe_events_cat-visita-guiada","cat_conocer-madrid","cat_visita-guiada"],"yoast_head":"<!-- This site is optimized with the Yoast SEO plugin v20.8 - https:\/\/yoast.com\/wordpress\/plugins\/seo\/ -->\n<title>PASEO GUIADO JARDINES DEL CAMPO DEL MORO- SABATINI - Ludicum<\/title>\n<meta name=\"description\" content=\"Un domingo por la ma\u00f1ana para conocer estos 2 preciosos jardines de nuestra Villa \u00bfTe apetece? Tienen mucha sombra\" \/>\n<meta name=\"robots\" content=\"index, follow, max-snippet:-1, max-image-preview:large, max-video-preview:-1\" \/>\n<link rel=\"canonical\" href=\"https:\/\/ludicum.com\/index.php\/event\/paseo-guiado-jardines-del-campo-del-moro-sabatini\/\" \/>\n<meta property=\"og:locale\" content=\"es_ES\" \/>\n<meta property=\"og:type\" content=\"article\" \/>\n<meta property=\"og:title\" content=\"PASEO GUIADO JARDINES DEL CAMPO DEL MORO- SABATINI - Ludicum\" \/>\n<meta property=\"og:description\" content=\"Un domingo por la ma\u00f1ana para conocer estos 2 preciosos jardines de nuestra Villa \u00bfTe apetece? Tienen mucha sombra\" \/>\n<meta property=\"og:url\" content=\"https:\/\/ludicum.com\/index.php\/event\/paseo-guiado-jardines-del-campo-del-moro-sabatini\/\" \/>\n<meta property=\"og:site_name\" content=\"Ludicum\" \/>\n<meta property=\"article:publisher\" content=\"https:\/\/www.facebook.com\/ludicum.madrid\/events\" \/>\n<meta property=\"article:modified_time\" content=\"2024-12-28T09:15:45+00:00\" \/>\n<meta property=\"og:image\" content=\"https:\/\/ludicum.com\/wp-content\/uploads\/2023\/05\/Jardines-de-Sabatini.jpg\" \/>\n\t<meta property=\"og:image:width\" content=\"1024\" \/>\n\t<meta property=\"og:image:height\" content=\"768\" \/>\n\t<meta property=\"og:image:type\" content=\"image\/jpeg\" \/>\n<meta name=\"twitter:card\" content=\"summary_large_image\" \/>\n<meta name=\"twitter:site\" content=\"@Ludicumocio\" \/>\n<meta name=\"twitter:label1\" content=\"Tiempo de lectura\" \/>\n\t<meta name=\"twitter:data1\" content=\"3 minutos\" \/>\n<script type=\"application\/ld+json\" class=\"yoast-schema-graph\">{\"@context\":\"https:\/\/schema.org\",\"@graph\":[{\"@type\":\"WebPage\",\"@id\":\"https:\/\/ludicum.com\/index.php\/event\/paseo-guiado-jardines-del-campo-del-moro-sabatini\/\",\"url\":\"https:\/\/ludicum.com\/index.php\/event\/paseo-guiado-jardines-del-campo-del-moro-sabatini\/\",\"name\":\"PASEO GUIADO JARDINES DEL CAMPO DEL MORO- SABATINI - Ludicum\",\"isPartOf\":{\"@id\":\"https:\/\/ludicum.com\/#website\"},\"datePublished\":\"2023-05-10T17:00:39+00:00\",\"dateModified\":\"2024-12-28T09:15:45+00:00\",\"description\":\"Un domingo por la ma\u00f1ana para conocer estos 2 preciosos jardines de nuestra Villa \u00bfTe apetece? Tienen mucha sombra\",\"breadcrumb\":{\"@id\":\"https:\/\/ludicum.com\/index.php\/event\/paseo-guiado-jardines-del-campo-del-moro-sabatini\/#breadcrumb\"},\"inLanguage\":\"es\",\"potentialAction\":[{\"@type\":\"ReadAction\",\"target\":[\"https:\/\/ludicum.com\/index.php\/event\/paseo-guiado-jardines-del-campo-del-moro-sabatini\/\"]}]},{\"@type\":\"BreadcrumbList\",\"@id\":\"https:\/\/ludicum.com\/index.php\/event\/paseo-guiado-jardines-del-campo-del-moro-sabatini\/#breadcrumb\",\"itemListElement\":[{\"@type\":\"ListItem\",\"position\":1,\"name\":\"Portada\"},{\"@type\":\"ListItem\",\"position\":2,\"name\":\"Eventos\",\"item\":\"https:\/\/ludicum.com\/\"},{\"@type\":\"ListItem\",\"position\":3,\"name\":\"PASEO GUIADO JARDINES DEL CAMPO DEL MORO- SABATINI\"}]},{\"@type\":\"WebSite\",\"@id\":\"https:\/\/ludicum.com\/#website\",\"url\":\"https:\/\/ludicum.com\/\",\"name\":\"Ludicum\",\"description\":\"Visitas guiadas y actividades culturales\",\"publisher\":{\"@id\":\"https:\/\/ludicum.com\/#\/schema\/person\/df8399c6adb1eee0d6dcb27a798191fe\"},\"potentialAction\":[{\"@type\":\"SearchAction\",\"target\":{\"@type\":\"EntryPoint\",\"urlTemplate\":\"https:\/\/ludicum.com\/?s={search_term_string}\"},\"query-input\":\"required name=search_term_string\"}],\"inLanguage\":\"es\"},{\"@type\":[\"Person\",\"Organization\"],\"@id\":\"https:\/\/ludicum.com\/#\/schema\/person\/df8399c6adb1eee0d6dcb27a798191fe\",\"name\":\"Marga\",\"image\":{\"@type\":\"ImageObject\",\"inLanguage\":\"es\",\"@id\":\"https:\/\/ludicum.com\/#\/schema\/person\/image\/\",\"url\":\"https:\/\/ludicum.com\/wp-content\/uploads\/2023\/02\/Logo-cuadrado-fondo-blanco.jpg\",\"contentUrl\":\"https:\/\/ludicum.com\/wp-content\/uploads\/2023\/02\/Logo-cuadrado-fondo-blanco.jpg\",\"width\":475,\"height\":447,\"caption\":\"Marga\"},\"logo\":{\"@id\":\"https:\/\/ludicum.com\/#\/schema\/person\/image\/\"},\"sameAs\":[\"http:\/\/51.254.99.69\",\"https:\/\/www.facebook.com\/ludicum.madrid\/events\",\"https:\/\/www.instagram.com\/margallamas\/\",\"https:\/\/www.linkedin.com\/in\/margarita-llamas-2871b281\/\",\"https:\/\/www.pinterest.es\/ludicum\/\",\"https:\/\/twitter.com\/https:\/\/twitter.com\/Ludicumocio\",\"https:\/\/www.youtube.com\/channel\/UC6wtOqPEEg1FT-vN7RDG4Jw\"]}]}<\/script>\n<!-- \/ Yoast SEO plugin. -->","yoast_head_json":{"title":"PASEO GUIADO JARDINES DEL CAMPO DEL MORO- SABATINI - Ludicum","description":"Un domingo por la ma\u00f1ana para conocer estos 2 preciosos jardines de nuestra Villa \u00bfTe apetece? Tienen mucha sombra","robots":{"index":"index","follow":"follow","max-snippet":"max-snippet:-1","max-image-preview":"max-image-preview:large","max-video-preview":"max-video-preview:-1"},"canonical":"https:\/\/ludicum.com\/index.php\/event\/paseo-guiado-jardines-del-campo-del-moro-sabatini\/","og_locale":"es_ES","og_type":"article","og_title":"PASEO GUIADO JARDINES DEL CAMPO DEL MORO- SABATINI - Ludicum","og_description":"Un domingo por la ma\u00f1ana para conocer estos 2 preciosos jardines de nuestra Villa \u00bfTe apetece? Tienen mucha sombra","og_url":"https:\/\/ludicum.com\/index.php\/event\/paseo-guiado-jardines-del-campo-del-moro-sabatini\/","og_site_name":"Ludicum","article_publisher":"https:\/\/www.facebook.com\/ludicum.madrid\/events","article_modified_time":"2024-12-28T09:15:45+00:00","og_image":[{"width":1024,"height":768,"url":"https:\/\/ludicum.com\/wp-content\/uploads\/2023\/05\/Jardines-de-Sabatini.jpg","type":"image\/jpeg"}],"twitter_card":"summary_large_image","twitter_site":"@Ludicumocio","twitter_misc":{"Tiempo de lectura":"3 minutos"},"schema":{"@context":"https:\/\/schema.org","@graph":[{"@type":"WebPage","@id":"https:\/\/ludicum.com\/index.php\/event\/paseo-guiado-jardines-del-campo-del-moro-sabatini\/","url":"https:\/\/ludicum.com\/index.php\/event\/paseo-guiado-jardines-del-campo-del-moro-sabatini\/","name":"PASEO GUIADO JARDINES DEL CAMPO DEL MORO- SABATINI - Ludicum","isPartOf":{"@id":"https:\/\/ludicum.com\/#website"},"datePublished":"2023-05-10T17:00:39+00:00","dateModified":"2024-12-28T09:15:45+00:00","description":"Un domingo por la ma\u00f1ana para conocer estos 2 preciosos jardines de nuestra Villa \u00bfTe apetece? Tienen mucha sombra","breadcrumb":{"@id":"https:\/\/ludicum.com\/index.php\/event\/paseo-guiado-jardines-del-campo-del-moro-sabatini\/#breadcrumb"},"inLanguage":"es","potentialAction":[{"@type":"ReadAction","target":["https:\/\/ludicum.com\/index.php\/event\/paseo-guiado-jardines-del-campo-del-moro-sabatini\/"]}]},{"@type":"BreadcrumbList","@id":"https:\/\/ludicum.com\/index.php\/event\/paseo-guiado-jardines-del-campo-del-moro-sabatini\/#breadcrumb","itemListElement":[{"@type":"ListItem","position":1,"name":"Portada"},{"@type":"ListItem","position":2,"name":"Eventos","item":"https:\/\/ludicum.com\/"},{"@type":"ListItem","position":3,"name":"PASEO GUIADO JARDINES DEL CAMPO DEL MORO- SABATINI"}]},{"@type":"WebSite","@id":"https:\/\/ludicum.com\/#website","url":"https:\/\/ludicum.com\/","name":"Ludicum","description":"Visitas guiadas y actividades culturales","publisher":{"@id":"https:\/\/ludicum.com\/#\/schema\/person\/df8399c6adb1eee0d6dcb27a798191fe"},"potentialAction":[{"@type":"SearchAction","target":{"@type":"EntryPoint","urlTemplate":"https:\/\/ludicum.com\/?s={search_term_string}"},"query-input":"required name=search_term_string"}],"inLanguage":"es"},{"@type":["Person","Organization"],"@id":"https:\/\/ludicum.com\/#\/schema\/person\/df8399c6adb1eee0d6dcb27a798191fe","name":"Marga","image":{"@type":"ImageObject","inLanguage":"es","@id":"https:\/\/ludicum.com\/#\/schema\/person\/image\/","url":"https:\/\/ludicum.com\/wp-content\/uploads\/2023\/02\/Logo-cuadrado-fondo-blanco.jpg","contentUrl":"https:\/\/ludicum.com\/wp-content\/uploads\/2023\/02\/Logo-cuadrado-fondo-blanco.jpg","width":475,"height":447,"caption":"Marga"},"logo":{"@id":"https:\/\/ludicum.com\/#\/schema\/person\/image\/"},"sameAs":["http:\/\/51.254.99.69","https:\/\/www.facebook.com\/ludicum.madrid\/events","https:\/\/www.instagram.com\/margallamas\/","https:\/\/www.linkedin.com\/in\/margarita-llamas-2871b281\/","https:\/\/www.pinterest.es\/ludicum\/","https:\/\/twitter.com\/https:\/\/twitter.com\/Ludicumocio","https:\/\/www.youtube.com\/channel\/UC6wtOqPEEg1FT-vN7RDG4Jw"]}]}},"_links":{"self":[{"href":"https:\/\/ludicum.com\/index.php\/wp-json\/wp\/v2\/tribe_events\/359","targetHints":{"allow":["GET"]}}],"collection":[{"href":"https:\/\/ludicum.com\/index.php\/wp-json\/wp\/v2\/tribe_events"}],"about":[{"href":"https:\/\/ludicum.com\/index.php\/wp-json\/wp\/v2\/types\/tribe_events"}],"author":[{"embeddable":true,"href":"https:\/\/ludicum.com\/index.php\/wp-json\/wp\/v2\/users\/1"}],"replies":[{"embeddable":true,"href":"https:\/\/ludicum.com\/index.php\/wp-json\/wp\/v2\/comments?post=359"}],"version-history":[{"count":2,"href":"https:\/\/ludicum.com\/index.php\/wp-json\/wp\/v2\/tribe_events\/359\/revisions"}],"predecessor-version":[{"id":651,"href":"https:\/\/ludicum.com\/index.php\/wp-json\/wp\/v2\/tribe_events\/359\/revisions\/651"}],"wp:featuredmedia":[{"embeddable":true,"href":"https:\/\/ludicum.com\/index.php\/wp-json\/wp\/v2\/media\/362"}],"wp:attachment":[{"href":"https:\/\/ludicum.com\/index.php\/wp-json\/wp\/v2\/media?parent=359"}],"wp:term":[{"taxonomy":"post_tag","embeddable":true,"href":"https:\/\/ludicum.com\/index.php\/wp-json\/wp\/v2\/tags?post=359"},{"taxonomy":"tribe_events_cat","embeddable":true,"href":"https:\/\/ludicum.com\/index.php\/wp-json\/wp\/v2\/tribe_events_cat?post=359"}],"curies":[{"name":"wp","href":"https:\/\/api.w.org\/{rel}","templated":true}]}}