{"id":463,"date":"2023-12-12T17:50:00","date_gmt":"2023-12-12T17:50:00","guid":{"rendered":"https:\/\/ludicum.com\/?post_type=tribe_events&#038;p=463"},"modified":"2025-12-09T18:46:28","modified_gmt":"2025-12-09T18:46:28","slug":"visita-al-belen-municipal-palacio-de-cibeles-y-subida-al-mirador","status":"publish","type":"tribe_events","link":"https:\/\/ludicum.com\/index.php\/event\/visita-al-belen-municipal-palacio-de-cibeles-y-subida-al-mirador\/","title":{"rendered":"VISITA AL BEL\u00c9N MUNICIPAL, PALACIO DE CIBELES Y SUBIDA AL MIRADOR"},"content":{"rendered":"<div  class=\"tribe-events-schedule tribe-clearfix\" >\n\t<h2 class=\"tribe-events-schedule__datetime\">\n\t\t<span class=\"tribe-events-schedule__date tribe-events-schedule__date--start\">\n\t\t\tdiciembre 19, 2025\t\t<\/span>\n\n\t\t\t\t\t<span class=\"tribe-events-schedule__separator tribe-events-schedule__separator--date\">\n\t\t\t\t*\t\t\t<\/span>\n\t\t\t<span class=\"tribe-events-schedule__time tribe-events-schedule__time--start\">\n\t\t\t\t11:00 am\t\t\t<\/span>\n\t\t\n\t\t\t\t\t\t\t\t\t<span class=\"tribe-events-schedule__separator tribe-events-schedule__separator--time\">\n\t\t\t\t\t &#8211; \t\t\t\t<\/span>\n\t\t\t\n\t\t\t\t\t\t\t<span class=\"tribe-events-schedule__time tribe-events-schedule__time--end\">\n\t\t\t\t\t1:00 pm\t\t\t\t<\/span>\n\t\t\t\n\t\t\t\t\t\t<\/h2>\n<\/div>\n\n\n\n<p class=\"has-text-align-center\">Esta visita guiada se realizar\u00e1 para 15 personas como m\u00e1ximo<\/p>\n\n\n\n<p class=\"has-text-align-center\">En esta actividad se adoptan las medidas recomendadas en la guia publicada por el Instituto para la Calidad Tur\u00edstica Espa\u00f1ola (ICTE), tales como uso de amplificador individual, auriculares de un s\u00f3lo uso, etc<\/p>\n\n\n\n<p class=\"has-text-align-center\">Para reservar tu plaza, escribe un whatsapp o sms al 669283866. Gracias<\/p>\n\n\n\n<p class=\"has-text-align-center\">Un plan navide\u00f1o para este s\u00e1bado<\/p>\n\n\n\n<p class=\"has-text-align-center\">Veremos el Bel\u00e9n municipal, el Palacio de Cibeles y subiremos al mirador para disfrutar de una espectaculares vistas.<\/p>\n\n\n\n<p class=\"has-text-align-center\">El Ministerio de Cultura y Deporte declar\u00f3 \u201carmar el Bel\u00e9n\u201d Manifestaci\u00f3n Representativa del Patrimonio Cultural Inmaterial de Espa\u00f1a, el Bel\u00e9n del Ayuntamiento conmemora el octavo centenario del inicio de esta tradici\u00f3n. Localizado en un escenario circular permite una excelente visi\u00f3n de conjunto y consta de doscientas figuras de estilo hebreo (las que corresponden a las costumbres y vestuario de los a\u00f1os de Jes\u00fas) y veinte construcciones y elementos vegetales, todo original del artesano Jos\u00e9 Luis Mayo.<\/p>\n\n\n\n<p class=\"has-text-align-center\">El dise\u00f1o, escenograf\u00eda y composici\u00f3n paisaj\u00edstica de este a\u00f1o corresponde a la Asociaci\u00f3n de Belenistas de Madrid y muestra una secuencia de seis escenas hist\u00f3ricas: la Anunciaci\u00f3n a la Virgen; la b\u00fasqueda de posada en Bel\u00e9n; el Nacimiento; la Anunciaci\u00f3n a los pastores; la gran Cabalgata de los Reyes Magos y la huida a Egipto, en la que, por primera vez, se incluye el mar.<\/p>\n\n\n\n<p class=\"has-text-align-center\">Adem\u00e1s, se mantiene el r\u00edo y escenas populares como el molino y su molinero, momentos caseros como la limpieza y el cuidado de los animales y oficios tradicionales como el del carpintero, el herrero y el trasegador.<\/p>\n\n\n\n<p class=\"has-text-align-center\"><a href=\"https:\/\/youtu.be\/WPlrFPCUuoY?si=npfqltlsdsA1Q_O1\" target=\"_blank\" rel=\"noreferrer noopener\">https:\/\/youtu.be\/WPlrFPCUuoY?si=npfqltlsdsA1Q_O1<\/a><\/p>\n\n\n\n<p class=\"has-text-align-center\">Despu\u00e9s veremos el Palacio de Cibeles, joya arquitect\u00f3nica del siglo XX e hito urban\u00edstico y simb\u00f3lico de la ciudad, exterior e interiormente.<\/p>\n\n\n\n<p class=\"has-text-align-center\">Y finalizaremos en el mirador:<\/p>\n\n\n\n<p class=\"has-text-align-center\"><a href=\"https:\/\/www.youtube.com\/watch?v=dxTXEGyRKXk\" target=\"_blank\" rel=\"noreferrer noopener\">https:\/\/www.youtube.com\/watch?v=dxTXEGyRKXk<\/a><\/p>\n\n\n\n<p class=\"has-text-align-center\">Una actividad de m\u00e1s de 2 horas, .donde combinamos cultura, Navidad y amistad \u00bfTe apetece?<\/p>\n\n\n\n<p class=\"has-text-align-center\">Precio: 15 \u20ac (Incluye entrada para subir al mirador y al Bel\u00e9n con reserva de hora)<\/p>\n\n\n\n<p class=\"has-text-align-center\">Si tienes alguna duda, contacta con Marga, 669 283 866 de L a V , de 10 a 13 h y de 17 a 19 h.\u00a1Te esperamos!<\/p>\n\n\n<div  class=\"tribe-block tribe-block__event-price\" >\n\t\t\t<span class=\"tribe-block__event-price__cost\"> \u20ac15 <\/span>\n\t\t<\/div>\n\n\n<div  class=\"tribe-block tribe-block__organizer__details tribe-clearfix\" >\n\t<div class=\"tribe-block__organizer__title\">\n\t\t<h3>Marga<\/h3>\n\t<\/div>\n\t\t\t<p class=\"tribe-block__organizer__phone\">669283866<\/p>\n\t\t\t\t\t<p class=\"tribe-block__organizer__email\">&#102;m&#097;rg&#097;&#114;&#105;&#116;a&#108;l&#097;m&#097;s&#064;g&#109;a&#105;l.co&#109;<\/p>\n\t<\/div>\n\n\n<div  class=\"tribe-block tribe-block__venue tribe-clearfix\" >\n\t\n\t\n<div class=\"tribe-block__venue__meta\">\n\t<div class=\"tribe-block__venue__name\">\n\t\t<h3>Palacio de Cibeles<\/h3>\n\t<\/div>\n\n\t\n\t\t\t<address class=\"tribe-block__venue__address\">\n\t\t\t<span class=\"tribe-address\">\n\n<span class=\"tribe-street-address\">Plaza de Cibeles,1<\/span>\n\t\n\t\t<br>\n\t\t<span class=\"tribe-locality\">Madrid<\/span><span class=\"tribe-delimiter\">,<\/span>\n\n\n\t<span class=\"tribe-postal-code\">28014<\/span>\n\n\t<span class=\"tribe-country-name\">Espa\u00f1a<\/span>\n\n<\/span>\n\n\t\t\t\t\t<\/address>\n\t\n\t\t\t<span class=\"tribe-block__venue__phone\">669283866<\/span><br \/>\n\t\n\t\n\t<\/div>\n\t\n\t<\/div>\n\n\n\n\n\t<div  class=\"tribe-block tribe-block__events-link\" >\n\t\t<div class=\"tribe-events tribe-common\">\n\t\t\t<div class=\"tribe-events-c-subscribe-dropdown__container\">\n\t\t\t\t<div class=\"tribe-events-c-subscribe-dropdown\">\n\t\t\t\t\t<div class=\"tribe-common-c-btn-border tribe-events-c-subscribe-dropdown__button\">\n\t\t\t\t\t\t<svg  class=\"tribe-common-c-svgicon tribe-common-c-svgicon--cal-export tribe-events-c-subscribe-dropdown__export-icon\"  viewBox=\"0 0 23 17\" xmlns=\"http:\/\/www.w3.org\/2000\/svg\">\n  <path fill-rule=\"evenodd\" clip-rule=\"evenodd\" d=\"M.128.896V16.13c0 .211.145.383.323.383h15.354c.179 0 .323-.172.323-.383V.896c0-.212-.144-.383-.323-.383H.451C.273.513.128.684.128.896Zm16 6.742h-.901V4.679H1.009v10.729h14.218v-3.336h.901V7.638ZM1.01 1.614h14.218v2.058H1.009V1.614Z\" \/>\n  <path d=\"M20.5 9.846H8.312M18.524 6.953l2.89 2.909-2.855 2.855\" stroke-width=\"1.2\" stroke-linecap=\"round\" stroke-linejoin=\"round\"\/>\n<\/svg>\n\t\t\t\t\t\t<button\n\t\t\t\t\t\t\tclass=\"tribe-events-c-subscribe-dropdown__button-text\"\n\t\t\t\t\t\t\taria-expanded=\"false\"\n\t\t\t\t\t\t\taria-controls=\"tribe-events-subscribe-dropdown-content\"\n\t\t\t\t\t\t\taria-label=\"\"\n\t\t\t\t\t\t>\n\t\t\t\t\t\t\tA\u00f1adir al calendario\t\t\t\t\t\t<\/button>\n\t\t\t\t\t\t<svg  class=\"tribe-common-c-svgicon tribe-common-c-svgicon--caret-down tribe-events-c-subscribe-dropdown__button-icon\"  viewBox=\"0 0 10 7\" xmlns=\"http:\/\/www.w3.org\/2000\/svg\" aria-hidden=\"true\"><path fill-rule=\"evenodd\" clip-rule=\"evenodd\" d=\"M1.008.609L5 4.6 8.992.61l.958.958L5 6.517.05 1.566l.958-.958z\" class=\"tribe-common-c-svgicon__svg-fill\"\/><\/svg>\n\t\t\t\t\t<\/div>\n\t\t\t\t\t<div id=\"tribe-events-subscribe-dropdown-content\" class=\"tribe-events-c-subscribe-dropdown__content\">\n\t\t\t\t\t\t<ul class=\"tribe-events-c-subscribe-dropdown__list\">\n\t\t\t\t\t\t\t\t\t\t\t\t\t\t\t<li class=\"tribe-events-c-subscribe-dropdown__list-item\">\n\t\t\t\t\t\t\t\t\t<a\n\t\t\t\t\t\t\t\t\t\thref=\"https:\/\/www.google.com\/calendar\/event?action=TEMPLATE&#038;dates=20251219T110000\/20251219T130000&#038;text=VISITA%20AL%20BEL%C3%89N%20MUNICIPAL%2C%20PALACIO%20DE%20CIBELES%20Y%20SUBIDA%20AL%20MIRADOR&#038;details=%3Cp+class%3D%22has-text-align-center%22%3EEsta+visita+guiada+se+realizar%C3%A1+para+15+personas+como+m%C3%A1ximo%3C%2Fp%3E+%3Cp+class%3D%22has-text-align-center%22%3EEn+esta+actividad+se+adoptan+las+medidas+recomendadas+en+la+guia+publicada+por+el+Instituto+para+la+Calidad+Tur%C3%ADstica+Espa%C3%B1ola+%28ICTE%29%2C+tales+como+uso+de+amplificador+individual%2C+auriculares+de+un+s%C3%B3lo+uso%2C+etc%3C%2Fp%3E+%3Cp+class%3D%22has-text-align-center%22%3EPara+reservar+tu+plaza%2C+escribe+un+whatsapp+o+sms+al+669283866.+Gracias%3C%2Fp%3E+%3Cp+class%3D%22has-text-align-center%22%3EUn+plan+navide%C3%B1o+para+este+s%C3%A1bado%3C%2Fp%3E+%3Cp+class%3D%22has-text-align-center%22%3EVeremos+el+Bel%C3%A9n+municipal%2C+el+Palacio+de+Cibeles+y+subiremos+al+mirador+para+disfrutar+de+una+espectaculares+vistas.%3C%2Fp%3E+%3Cp+class%3D%22has-text-align-center%22%3EEl+Ministerio+de+Cultura+y+Deporte+declar%C3%B3+%E2%80%9Carmar+el+Bel%C3%A9n%E2%80%9D+Manifestaci%C3%B3n+Representativa+del+Patrimonio+Cultural+Inmaterial+de+Espa%C3%B1a%2C+el+Bel%C3%A9n+del+Ayuntamiento+conmemora+el+octavo+centenario+del+inicio+de+esta+tradici%C3%B3n.+Localizado+en+un+esc%3C%2Fp%3E+%28Ver+aqu%C3%AD+la+descripci%C3%B3n+completa+de+evento%3A+https%3A%2F%2Fludicum.com%2Findex.php%2Fevent%2Fvisita-al-belen-municipal-palacio-de-cibeles-y-subida-al-mirador%2F%29&#038;location=Palacio%20de%20Cibeles,%20Plaza%20de%20Cibeles,1,%20Madrid,%2028014,%20Espa\u00f1a&#038;trp=false&#038;ctz=UTC&#038;sprop=website:https:\/\/ludicum.com\"\n\t\t\t\t\t\t\t\t\t\tclass=\"tribe-events-c-subscribe-dropdown__list-item-link\"\n\t\t\t\t\t\t\t\t\t\ttarget=\"_blank\"\n\t\t\t\t\t\t\t\t\t\trel=\"noopener noreferrer nofollow noindex\"\n\t\t\t\t\t\t\t\t\t>\n\t\t\t\t\t\t\t\t\t\tGoogle Calendar\t\t\t\t\t\t\t\t\t<\/a>\n\t\t\t\t\t\t\t\t<\/li>\n\t\t\t\t\t\t\t\t\t\t\t\t\t\t\t<li class=\"tribe-events-c-subscribe-dropdown__list-item\">\n\t\t\t\t\t\t\t\t\t<a\n\t\t\t\t\t\t\t\t\t\thref=\"\"\n\t\t\t\t\t\t\t\t\t\tclass=\"tribe-events-c-subscribe-dropdown__list-item-link\"\n\t\t\t\t\t\t\t\t\t\ttarget=\"_blank\"\n\t\t\t\t\t\t\t\t\t\trel=\"noopener noreferrer nofollow noindex\"\n\t\t\t\t\t\t\t\t\t>\n\t\t\t\t\t\t\t\t\t\tiCalendar\t\t\t\t\t\t\t\t\t<\/a>\n\t\t\t\t\t\t\t\t<\/li>\n\t\t\t\t\t\t\t\t\t\t\t\t\t\t\t<li class=\"tribe-events-c-subscribe-dropdown__list-item\">\n\t\t\t\t\t\t\t\t\t<a\n\t\t\t\t\t\t\t\t\t\thref=\"\"\n\t\t\t\t\t\t\t\t\t\tclass=\"tribe-events-c-subscribe-dropdown__list-item-link\"\n\t\t\t\t\t\t\t\t\t\ttarget=\"_blank\"\n\t\t\t\t\t\t\t\t\t\trel=\"noopener noreferrer nofollow noindex\"\n\t\t\t\t\t\t\t\t\t>\n\t\t\t\t\t\t\t\t\t\tOutlook 365\t\t\t\t\t\t\t\t\t<\/a>\n\t\t\t\t\t\t\t\t<\/li>\n\t\t\t\t\t\t\t\t\t\t\t\t\t\t\t<li class=\"tribe-events-c-subscribe-dropdown__list-item\">\n\t\t\t\t\t\t\t\t\t<a\n\t\t\t\t\t\t\t\t\t\thref=\"\"\n\t\t\t\t\t\t\t\t\t\tclass=\"tribe-events-c-subscribe-dropdown__list-item-link\"\n\t\t\t\t\t\t\t\t\t\ttarget=\"_blank\"\n\t\t\t\t\t\t\t\t\t\trel=\"noopener noreferrer nofollow noindex\"\n\t\t\t\t\t\t\t\t\t>\n\t\t\t\t\t\t\t\t\t\tOutlook Live\t\t\t\t\t\t\t\t\t<\/a>\n\t\t\t\t\t\t\t\t<\/li>\n\t\t\t\t\t\t\t\t\t\t\t\t\t<\/ul>\n\t\t\t\t\t<\/div>\n\t\t\t\t<\/div>\n\t\t\t<\/div>\n\t\t<\/div>\n\t<\/div>\n\n","protected":false},"excerpt":{"rendered":"<p>Una visita para conocer este precioso Palacio, el mirador y el Bel\u00e9n navide\u00f1o<\/p>\n","protected":false},"author":1,"featured_media":464,"comment_status":"open","ping_status":"closed","template":"","meta":{"_mi_skip_tracking":false,"_monsterinsights_sitenote_active":false,"_monsterinsights_sitenote_note":"","_monsterinsights_sitenote_category":0,"_EventAllDay":false,"_EventTimezone":"UTC+0","_EventStartDate":"2025-12-19 11:00:00","_EventEndDate":"2025-12-19 13:00:00","_EventStartDateUTC":"2025-12-19 11:00:00","_EventEndDateUTC":"2025-12-19 13:00:00","_EventShowMap":false,"_EventShowMapLink":false,"_EventURL":"","_EventCost":"15","_EventCostDescription":"","_EventCurrencySymbol":"\u20ac","_EventCurrencyCode":"Eur","_EventCurrencyPosition":"prefix","_EventDateTimeSeparator":"*","_EventTimeRangeSeparator":" - ","_EventOrganizerID":[216],"_EventVenueID":[391],"_OrganizerEmail":"","_OrganizerPhone":"","_OrganizerWebsite":"","_VenueAddress":"","_VenueCity":"","_VenueCountry":"","_VenueProvince":"","_VenueState":"","_VenueZip":"","_VenuePhone":"","_VenueURL":"","_VenueStateProvince":"","_VenueLat":"","_VenueLng":"","_VenueShowMap":false,"_VenueShowMapLink":false,"_tribe_events_status":"","_tribe_events_status_reason":"","footnotes":""},"tags":[67,7,66,6],"tribe_events_cat":[11,10],"class_list":["post-463","tribe_events","type-tribe_events","status-publish","has-post-thumbnail","hentry","tag-belen","tag-conocer-madrid","tag-navidad","tag-visitas-guiadas","tribe_events_cat-conocer-madrid","tribe_events_cat-visita-guiada","cat_conocer-madrid","cat_visita-guiada"],"yoast_head":"<!-- This site is optimized with the Yoast SEO plugin v20.8 - https:\/\/yoast.com\/wordpress\/plugins\/seo\/ -->\n<title>VISITA AL BEL\u00c9N MUNICIPAL, PALACIO DE CIBELES Y SUBIDA AL MIRADOR - Ludicum<\/title>\n<meta name=\"description\" content=\"Una visita para conocer este precioso Palacio, el mirador y el Bel\u00e9n navide\u00f1o\" \/>\n<meta name=\"robots\" content=\"index, follow, max-snippet:-1, max-image-preview:large, max-video-preview:-1\" \/>\n<link rel=\"canonical\" href=\"https:\/\/ludicum.com\/index.php\/event\/visita-al-belen-municipal-palacio-de-cibeles-y-subida-al-mirador\/\" \/>\n<meta property=\"og:locale\" content=\"es_ES\" \/>\n<meta property=\"og:type\" content=\"article\" \/>\n<meta property=\"og:title\" content=\"VISITA AL BEL\u00c9N MUNICIPAL, PALACIO DE CIBELES Y SUBIDA AL MIRADOR - Ludicum\" \/>\n<meta property=\"og:description\" content=\"Una visita para conocer este precioso Palacio, el mirador y el Bel\u00e9n navide\u00f1o\" \/>\n<meta property=\"og:url\" content=\"https:\/\/ludicum.com\/index.php\/event\/visita-al-belen-municipal-palacio-de-cibeles-y-subida-al-mirador\/\" \/>\n<meta property=\"og:site_name\" content=\"Ludicum\" \/>\n<meta property=\"article:publisher\" content=\"https:\/\/www.facebook.com\/ludicum.madrid\/events\" \/>\n<meta property=\"article:modified_time\" content=\"2025-12-09T18:46:28+00:00\" \/>\n<meta property=\"og:image\" content=\"https:\/\/ludicum.com\/wp-content\/uploads\/2023\/12\/20231203_114221.jpg\" \/>\n\t<meta property=\"og:image:width\" content=\"4080\" \/>\n\t<meta property=\"og:image:height\" content=\"3060\" \/>\n\t<meta property=\"og:image:type\" content=\"image\/jpeg\" \/>\n<meta name=\"twitter:card\" content=\"summary_large_image\" \/>\n<meta name=\"twitter:site\" content=\"@Ludicumocio\" \/>\n<meta name=\"twitter:label1\" content=\"Tiempo de lectura\" \/>\n\t<meta name=\"twitter:data1\" content=\"2 minutos\" \/>\n<script type=\"application\/ld+json\" class=\"yoast-schema-graph\">{\"@context\":\"https:\/\/schema.org\",\"@graph\":[{\"@type\":\"WebPage\",\"@id\":\"https:\/\/ludicum.com\/index.php\/event\/visita-al-belen-municipal-palacio-de-cibeles-y-subida-al-mirador\/\",\"url\":\"https:\/\/ludicum.com\/index.php\/event\/visita-al-belen-municipal-palacio-de-cibeles-y-subida-al-mirador\/\",\"name\":\"VISITA AL BEL\u00c9N MUNICIPAL, PALACIO DE CIBELES Y SUBIDA AL MIRADOR - Ludicum\",\"isPartOf\":{\"@id\":\"https:\/\/ludicum.com\/#website\"},\"datePublished\":\"2023-12-12T17:50:00+00:00\",\"dateModified\":\"2025-12-09T18:46:28+00:00\",\"description\":\"Una visita para conocer este precioso Palacio, el mirador y el Bel\u00e9n navide\u00f1o\",\"breadcrumb\":{\"@id\":\"https:\/\/ludicum.com\/index.php\/event\/visita-al-belen-municipal-palacio-de-cibeles-y-subida-al-mirador\/#breadcrumb\"},\"inLanguage\":\"es\",\"potentialAction\":[{\"@type\":\"ReadAction\",\"target\":[\"https:\/\/ludicum.com\/index.php\/event\/visita-al-belen-municipal-palacio-de-cibeles-y-subida-al-mirador\/\"]}]},{\"@type\":\"BreadcrumbList\",\"@id\":\"https:\/\/ludicum.com\/index.php\/event\/visita-al-belen-municipal-palacio-de-cibeles-y-subida-al-mirador\/#breadcrumb\",\"itemListElement\":[{\"@type\":\"ListItem\",\"position\":1,\"name\":\"Portada\"},{\"@type\":\"ListItem\",\"position\":2,\"name\":\"Eventos\",\"item\":\"https:\/\/ludicum.com\/\"},{\"@type\":\"ListItem\",\"position\":3,\"name\":\"VISITA AL BEL\u00c9N MUNICIPAL, PALACIO DE CIBELES Y SUBIDA AL MIRADOR\"}]},{\"@type\":\"WebSite\",\"@id\":\"https:\/\/ludicum.com\/#website\",\"url\":\"https:\/\/ludicum.com\/\",\"name\":\"Ludicum\",\"description\":\"Visitas guiadas y actividades culturales\",\"publisher\":{\"@id\":\"https:\/\/ludicum.com\/#\/schema\/person\/df8399c6adb1eee0d6dcb27a798191fe\"},\"potentialAction\":[{\"@type\":\"SearchAction\",\"target\":{\"@type\":\"EntryPoint\",\"urlTemplate\":\"https:\/\/ludicum.com\/?s={search_term_string}\"},\"query-input\":\"required name=search_term_string\"}],\"inLanguage\":\"es\"},{\"@type\":[\"Person\",\"Organization\"],\"@id\":\"https:\/\/ludicum.com\/#\/schema\/person\/df8399c6adb1eee0d6dcb27a798191fe\",\"name\":\"Marga\",\"image\":{\"@type\":\"ImageObject\",\"inLanguage\":\"es\",\"@id\":\"https:\/\/ludicum.com\/#\/schema\/person\/image\/\",\"url\":\"https:\/\/ludicum.com\/wp-content\/uploads\/2023\/02\/Logo-cuadrado-fondo-blanco.jpg\",\"contentUrl\":\"https:\/\/ludicum.com\/wp-content\/uploads\/2023\/02\/Logo-cuadrado-fondo-blanco.jpg\",\"width\":475,\"height\":447,\"caption\":\"Marga\"},\"logo\":{\"@id\":\"https:\/\/ludicum.com\/#\/schema\/person\/image\/\"},\"sameAs\":[\"http:\/\/51.254.99.69\",\"https:\/\/www.facebook.com\/ludicum.madrid\/events\",\"https:\/\/www.instagram.com\/margallamas\/\",\"https:\/\/www.linkedin.com\/in\/margarita-llamas-2871b281\/\",\"https:\/\/www.pinterest.es\/ludicum\/\",\"https:\/\/twitter.com\/https:\/\/twitter.com\/Ludicumocio\",\"https:\/\/www.youtube.com\/channel\/UC6wtOqPEEg1FT-vN7RDG4Jw\"]}]}<\/script>\n<!-- \/ Yoast SEO plugin. -->","yoast_head_json":{"title":"VISITA AL BEL\u00c9N MUNICIPAL, PALACIO DE CIBELES Y SUBIDA AL MIRADOR - Ludicum","description":"Una visita para conocer este precioso Palacio, el mirador y el Bel\u00e9n navide\u00f1o","robots":{"index":"index","follow":"follow","max-snippet":"max-snippet:-1","max-image-preview":"max-image-preview:large","max-video-preview":"max-video-preview:-1"},"canonical":"https:\/\/ludicum.com\/index.php\/event\/visita-al-belen-municipal-palacio-de-cibeles-y-subida-al-mirador\/","og_locale":"es_ES","og_type":"article","og_title":"VISITA AL BEL\u00c9N MUNICIPAL, PALACIO DE CIBELES Y SUBIDA AL MIRADOR - Ludicum","og_description":"Una visita para conocer este precioso Palacio, el mirador y el Bel\u00e9n navide\u00f1o","og_url":"https:\/\/ludicum.com\/index.php\/event\/visita-al-belen-municipal-palacio-de-cibeles-y-subida-al-mirador\/","og_site_name":"Ludicum","article_publisher":"https:\/\/www.facebook.com\/ludicum.madrid\/events","article_modified_time":"2025-12-09T18:46:28+00:00","og_image":[{"width":4080,"height":3060,"url":"https:\/\/ludicum.com\/wp-content\/uploads\/2023\/12\/20231203_114221.jpg","type":"image\/jpeg"}],"twitter_card":"summary_large_image","twitter_site":"@Ludicumocio","twitter_misc":{"Tiempo de lectura":"2 minutos"},"schema":{"@context":"https:\/\/schema.org","@graph":[{"@type":"WebPage","@id":"https:\/\/ludicum.com\/index.php\/event\/visita-al-belen-municipal-palacio-de-cibeles-y-subida-al-mirador\/","url":"https:\/\/ludicum.com\/index.php\/event\/visita-al-belen-municipal-palacio-de-cibeles-y-subida-al-mirador\/","name":"VISITA AL BEL\u00c9N MUNICIPAL, PALACIO DE CIBELES Y SUBIDA AL MIRADOR - Ludicum","isPartOf":{"@id":"https:\/\/ludicum.com\/#website"},"datePublished":"2023-12-12T17:50:00+00:00","dateModified":"2025-12-09T18:46:28+00:00","description":"Una visita para conocer este precioso Palacio, el mirador y el Bel\u00e9n navide\u00f1o","breadcrumb":{"@id":"https:\/\/ludicum.com\/index.php\/event\/visita-al-belen-municipal-palacio-de-cibeles-y-subida-al-mirador\/#breadcrumb"},"inLanguage":"es","potentialAction":[{"@type":"ReadAction","target":["https:\/\/ludicum.com\/index.php\/event\/visita-al-belen-municipal-palacio-de-cibeles-y-subida-al-mirador\/"]}]},{"@type":"BreadcrumbList","@id":"https:\/\/ludicum.com\/index.php\/event\/visita-al-belen-municipal-palacio-de-cibeles-y-subida-al-mirador\/#breadcrumb","itemListElement":[{"@type":"ListItem","position":1,"name":"Portada"},{"@type":"ListItem","position":2,"name":"Eventos","item":"https:\/\/ludicum.com\/"},{"@type":"ListItem","position":3,"name":"VISITA AL BEL\u00c9N MUNICIPAL, PALACIO DE CIBELES Y SUBIDA AL MIRADOR"}]},{"@type":"WebSite","@id":"https:\/\/ludicum.com\/#website","url":"https:\/\/ludicum.com\/","name":"Ludicum","description":"Visitas guiadas y actividades culturales","publisher":{"@id":"https:\/\/ludicum.com\/#\/schema\/person\/df8399c6adb1eee0d6dcb27a798191fe"},"potentialAction":[{"@type":"SearchAction","target":{"@type":"EntryPoint","urlTemplate":"https:\/\/ludicum.com\/?s={search_term_string}"},"query-input":"required name=search_term_string"}],"inLanguage":"es"},{"@type":["Person","Organization"],"@id":"https:\/\/ludicum.com\/#\/schema\/person\/df8399c6adb1eee0d6dcb27a798191fe","name":"Marga","image":{"@type":"ImageObject","inLanguage":"es","@id":"https:\/\/ludicum.com\/#\/schema\/person\/image\/","url":"https:\/\/ludicum.com\/wp-content\/uploads\/2023\/02\/Logo-cuadrado-fondo-blanco.jpg","contentUrl":"https:\/\/ludicum.com\/wp-content\/uploads\/2023\/02\/Logo-cuadrado-fondo-blanco.jpg","width":475,"height":447,"caption":"Marga"},"logo":{"@id":"https:\/\/ludicum.com\/#\/schema\/person\/image\/"},"sameAs":["http:\/\/51.254.99.69","https:\/\/www.facebook.com\/ludicum.madrid\/events","https:\/\/www.instagram.com\/margallamas\/","https:\/\/www.linkedin.com\/in\/margarita-llamas-2871b281\/","https:\/\/www.pinterest.es\/ludicum\/","https:\/\/twitter.com\/https:\/\/twitter.com\/Ludicumocio","https:\/\/www.youtube.com\/channel\/UC6wtOqPEEg1FT-vN7RDG4Jw"]}]}},"_links":{"self":[{"href":"https:\/\/ludicum.com\/index.php\/wp-json\/wp\/v2\/tribe_events\/463","targetHints":{"allow":["GET"]}}],"collection":[{"href":"https:\/\/ludicum.com\/index.php\/wp-json\/wp\/v2\/tribe_events"}],"about":[{"href":"https:\/\/ludicum.com\/index.php\/wp-json\/wp\/v2\/types\/tribe_events"}],"author":[{"embeddable":true,"href":"https:\/\/ludicum.com\/index.php\/wp-json\/wp\/v2\/users\/1"}],"replies":[{"embeddable":true,"href":"https:\/\/ludicum.com\/index.php\/wp-json\/wp\/v2\/comments?post=463"}],"version-history":[{"count":3,"href":"https:\/\/ludicum.com\/index.php\/wp-json\/wp\/v2\/tribe_events\/463\/revisions"}],"predecessor-version":[{"id":692,"href":"https:\/\/ludicum.com\/index.php\/wp-json\/wp\/v2\/tribe_events\/463\/revisions\/692"}],"wp:featuredmedia":[{"embeddable":true,"href":"https:\/\/ludicum.com\/index.php\/wp-json\/wp\/v2\/media\/464"}],"wp:attachment":[{"href":"https:\/\/ludicum.com\/index.php\/wp-json\/wp\/v2\/media?parent=463"}],"wp:term":[{"taxonomy":"post_tag","embeddable":true,"href":"https:\/\/ludicum.com\/index.php\/wp-json\/wp\/v2\/tags?post=463"},{"taxonomy":"tribe_events_cat","embeddable":true,"href":"https:\/\/ludicum.com\/index.php\/wp-json\/wp\/v2\/tribe_events_cat?post=463"}],"curies":[{"name":"wp","href":"https:\/\/api.w.org\/{rel}","templated":true}]}}