{"id":643,"date":"2024-12-02T18:48:53","date_gmt":"2024-12-02T18:48:53","guid":{"rendered":"https:\/\/ludicum.com\/?post_type=tribe_events&#038;p=643"},"modified":"2024-12-29T12:33:08","modified_gmt":"2024-12-29T12:33:08","slug":"visita-guiada-recorrido-guiado-para-ver-la-iluminacion-navidena-2","status":"publish","type":"tribe_events","link":"https:\/\/ludicum.com\/index.php\/event\/visita-guiada-recorrido-guiado-para-ver-la-iluminacion-navidena-2\/","title":{"rendered":"VISITA GUIADA: RECORRIDO GUIADO PARA VER LA ILUMINACI\u00d3N NAVIDE\u00d1A"},"content":{"rendered":"<div  class=\"tribe-events-schedule tribe-clearfix\" >\n\t<h2 class=\"tribe-events-schedule__datetime\">\n\t\t<span class=\"tribe-events-schedule__date tribe-events-schedule__date--start\">\n\t\t\tnoviembre 21, 2025\t\t<\/span>\n\n\t\t\t\t\t<span class=\"tribe-events-schedule__separator tribe-events-schedule__separator--date\">\n\t\t\t\t*\t\t\t<\/span>\n\t\t\t<span class=\"tribe-events-schedule__time tribe-events-schedule__time--start\">\n\t\t\t\t6:00 pm\t\t\t<\/span>\n\t\t\n\t\t\t\t\t\t\t\t\t<span class=\"tribe-events-schedule__separator tribe-events-schedule__separator--time\">\n\t\t\t\t\t &#8211; \t\t\t\t<\/span>\n\t\t\t\n\t\t\t\t\t\t\t<span class=\"tribe-events-schedule__time tribe-events-schedule__time--end\">\n\t\t\t\t\t8:00 pm\t\t\t\t<\/span>\n\t\t\t\n\t\t\t\t\t\t<\/h2>\n<\/div>\n\n\n\n<p class=\"has-text-align-center\">Esta visita guiada se realizar\u00e1 para 15 personas como m\u00e1ximo<\/p>\n\n\n\n<p class=\"has-text-align-center\">En esta actividad se adoptan las medidas recomendadas en la guia publicada por el Instituto para la Calidad Tur\u00edstica Espa\u00f1ola (ICTE) , tales como uso de amplificador individual, auriculares de un s\u00f3lo uso, etc<\/p>\n\n\n\n<p class=\"has-text-align-center\">Para reservar tu plaza, escribe un whatsapp o sms al 669283866. Gracias<\/p>\n\n\n\n<p class=\"has-text-align-center\">Un a\u00f1o m\u00e1s Madrid se ilumina para anunciar la Navidad<\/p>\n\n\n\n<p class=\"has-text-align-center\">El alumbrado, compuesto de casi 12 millones de bombillas 100% led de alta eficiencia energ\u00e9tica, podr\u00e1 disfrutarse hasta el pr\u00f3ximo 6 de enero.<\/p>\n\n\n\n<p class=\"has-text-align-center\">Una de las grandes novedades de este a\u00f1o ser\u00e1n las luces dise\u00f1adas por ni\u00f1os de primero y segundo de primaria que se presentaron al concurso escolar de dibujo que convoc\u00f3 el Ayuntamiento el pasado mes de marzo, un certamen cuyas propuestas ganadoras ya han sido transformadas en luces de Navidad. Veremos los 7 bocetos y las luces reales de estos peque\u00f1os artistas<\/p>\n\n\n\n<p class=\"has-text-align-center\">El&nbsp;<strong>gran abeto luminoso<\/strong>&nbsp;que cada a\u00f1o se instala en la&nbsp;<strong>Puerta del Sol<\/strong>&nbsp;estrenar\u00e1 nuevo dise\u00f1o este a\u00f1o con casi 37 metros de altura (12 pisos) y estar\u00e1 coronado por una estrella.&nbsp;Contar\u00e1 con 245 000 puntos de luz, tipo led de alta eficiencia energ\u00e9tica,y con&nbsp;m\u00e1s de 3360 bolas rojas de 30, 20 y 15 cent\u00edmetros.<\/p>\n\n\n\n<p class=\"has-text-align-center\">Otra novedad es que el&nbsp;<strong>gran nacimiento iluminado<\/strong>&nbsp;que en los \u00faltimos a\u00f1os se situ\u00f3 en la plaza de Col\u00f3n se traslada junto al&nbsp;<strong>edificio Metr\u00f3polis&nbsp;en la confluencia de las calles Gran V\u00eda y Alcal\u00e1<\/strong>, Compuesto por una figura tridimensional de 10 metros de altura, 4,60 metros de ancho y 2 metros de fondo, la estructura est\u00e1 hecha de perfiles de aluminio que forman el contorno exterior y delinean las figuras que componen la superficie del nacimiento.<\/p>\n\n\n\n<p class=\"has-text-align-center\">Haremos un paseo a pie para disfrutar de esta iluminaci\u00f3n, explicando adem\u00e1s, el origen del nombre de las calles por las que pasamos, elementos destacables y curiosidades.<\/p>\n\n\n\n<p class=\"has-text-align-center\">Un paseo de unos 3 km, que comenzar\u00e1 en Colon para terminar en Plaza Mayor y ver las novedades que este 2024 iluminan nuestra Villa.<\/p>\n\n\n\n<p class=\"has-text-align-center\"><strong>Nos encontramos a las 17:55 h en el Metro Col\u00f3n, salida G\u00e9nova pares, en el exterior.<\/strong><\/p>\n\n\n\n<p class=\"has-text-align-center\">Unimos Navidad, deporte, amistad y cultura, \u00bfTe apuntas?<\/p>\n\n\n\n<p class=\"has-text-align-center\">Si tienes alguna duda, puedes llamarme de L a V de 10 a 13 h y de 17 a 19 h.<\/p>\n\n\n\n<p class=\"has-text-align-center\">Desde el 28 de Noviembre ya est\u00e1n encendidas \ud83d\ude42<\/p>\n\n\n\n<p class=\"has-text-align-center\">\u00a1Te esperamos!<\/p>\n\n\n<div  class=\"tribe-block tribe-block__event-price\" >\n\t\t\t<span class=\"tribe-block__event-price__cost\"> \u20ac12 <\/span>\n\t\t<\/div>\n\n\n<div  class=\"tribe-block tribe-block__organizer__details tribe-clearfix\" >\n\t<div class=\"tribe-block__organizer__title\">\n\t\t<h3>Marga<\/h3>\n\t<\/div>\n\t\t\t<p class=\"tribe-block__organizer__phone\">669283866<\/p>\n\t\t\t\t\t<p class=\"tribe-block__organizer__email\">&#102;marga&#114;i&#116;a&#108;&#108;a&#109;as&#064;g&#109;ai&#108;&#046;&#099;o&#109;<\/p>\n\t<\/div>\n\n\n<div  class=\"tribe-block tribe-block__venue tribe-clearfix tribe-block__venue--has-map\" >\n\t\n\t\n<div class=\"tribe-block__venue__meta\">\n\t<div class=\"tribe-block__venue__name\">\n\t\t<h3>Metro Col\u00f3n<\/h3>\n\t<\/div>\n\n\t\n\t\t\t<address class=\"tribe-block__venue__address\">\n\t\t\t<span class=\"tribe-address\">\n\n<span class=\"tribe-street-address\">Calle Genova, 28<\/span>\n\t\n\t\t<br>\n\t\t<span class=\"tribe-locality\">Madrid<\/span><span class=\"tribe-delimiter\">,<\/span>\n\n\n\t<span class=\"tribe-postal-code\">28004<\/span>\n\n\t<span class=\"tribe-country-name\">Espa\u00f1a<\/span>\n\n<\/span>\n\n\t\t\t\t\t\t\t<a class=\"tribe-events-gmap\" href=\"https:\/\/maps.google.com\/maps?f=q&#038;source=s_q&#038;hl=en&#038;geocode=&#038;q=Calle+Genova%2C+28+Madrid+28004+Espa%C3%B1a\" title=\"Haz clic para ver un mapa de Google\" target=\"_blank\" rel=\"noreferrer noopener\">+ Google Map<\/a>\t\t\t\t\t<\/address>\n\t\n\t\n\t\n\t<\/div>\n\t\n<div class=\"tribe-block__venue__map\">\n\t\n<iframe loading=\"lazy\"\n  title=\"Iframe de Google Maps mostrando la direcci\u00f3n a Metro Col\u00f3n\"\n  aria-label=\"Mapa de ubicaci\u00f3n del local\"\n  width=\"310px\"\n  height=\"256px\"\n  frameborder=\"0\" style=\"border:0\"\n  src=\"https:\/\/www.google.com\/maps\/embed\/v1\/place?key=AIzaSyDNsicAsP6-VuGtAb1O9riI3oc_NOb7IOU&#038;q=Calle+Genova%2C+28+Madrid+28004+Espa%C3%B1a+&#038;zoom=10\" allowfullscreen>\n<\/iframe>\n<\/div>\n\n\t<\/div>\n\n\n\n\n\t<div  class=\"tribe-block tribe-block__events-link\" >\n\t\t<div class=\"tribe-events tribe-common\">\n\t\t\t<div class=\"tribe-events-c-subscribe-dropdown__container\">\n\t\t\t\t<div class=\"tribe-events-c-subscribe-dropdown\">\n\t\t\t\t\t<div class=\"tribe-common-c-btn-border tribe-events-c-subscribe-dropdown__button\">\n\t\t\t\t\t\t<svg  class=\"tribe-common-c-svgicon tribe-common-c-svgicon--cal-export tribe-events-c-subscribe-dropdown__export-icon\"  viewBox=\"0 0 23 17\" xmlns=\"http:\/\/www.w3.org\/2000\/svg\">\n  <path fill-rule=\"evenodd\" clip-rule=\"evenodd\" d=\"M.128.896V16.13c0 .211.145.383.323.383h15.354c.179 0 .323-.172.323-.383V.896c0-.212-.144-.383-.323-.383H.451C.273.513.128.684.128.896Zm16 6.742h-.901V4.679H1.009v10.729h14.218v-3.336h.901V7.638ZM1.01 1.614h14.218v2.058H1.009V1.614Z\" \/>\n  <path d=\"M20.5 9.846H8.312M18.524 6.953l2.89 2.909-2.855 2.855\" stroke-width=\"1.2\" stroke-linecap=\"round\" stroke-linejoin=\"round\"\/>\n<\/svg>\n\t\t\t\t\t\t<button\n\t\t\t\t\t\t\tclass=\"tribe-events-c-subscribe-dropdown__button-text\"\n\t\t\t\t\t\t\taria-expanded=\"false\"\n\t\t\t\t\t\t\taria-controls=\"tribe-events-subscribe-dropdown-content\"\n\t\t\t\t\t\t\taria-label=\"\"\n\t\t\t\t\t\t>\n\t\t\t\t\t\t\tA\u00f1adir al calendario\t\t\t\t\t\t<\/button>\n\t\t\t\t\t\t<svg  class=\"tribe-common-c-svgicon tribe-common-c-svgicon--caret-down tribe-events-c-subscribe-dropdown__button-icon\"  viewBox=\"0 0 10 7\" xmlns=\"http:\/\/www.w3.org\/2000\/svg\" aria-hidden=\"true\"><path fill-rule=\"evenodd\" clip-rule=\"evenodd\" d=\"M1.008.609L5 4.6 8.992.61l.958.958L5 6.517.05 1.566l.958-.958z\" class=\"tribe-common-c-svgicon__svg-fill\"\/><\/svg>\n\t\t\t\t\t<\/div>\n\t\t\t\t\t<div id=\"tribe-events-subscribe-dropdown-content\" class=\"tribe-events-c-subscribe-dropdown__content\">\n\t\t\t\t\t\t<ul class=\"tribe-events-c-subscribe-dropdown__list\">\n\t\t\t\t\t\t\t\t\t\t\t\t\t\t\t<li class=\"tribe-events-c-subscribe-dropdown__list-item\">\n\t\t\t\t\t\t\t\t\t<a\n\t\t\t\t\t\t\t\t\t\thref=\"https:\/\/www.google.com\/calendar\/event?action=TEMPLATE&#038;dates=20251121T180000\/20251121T200000&#038;text=VISITA%20GUIADA%3A%20RECORRIDO%20GUIADO%20PARA%20VER%20LA%20ILUMINACI%C3%93N%20NAVIDE%C3%91A&#038;details=%3Cp+class%3D%22has-text-align-center%22%3EEsta+visita+guiada+se+realizar%C3%A1+para+15+personas+como+m%C3%A1ximo%3C%2Fp%3E+%3Cp+class%3D%22has-text-align-center%22%3EEn+esta+actividad+se+adoptan+las+medidas+recomendadas+en+la+guia+publicada+por+el+Instituto+para+la+Calidad+Tur%C3%ADstica+Espa%C3%B1ola+%28ICTE%29+%2C+tales+como+uso+de+amplificador+individual%2C+auriculares+de+un+s%C3%B3lo+uso%2C+etc%3C%2Fp%3E+%3Cp+class%3D%22has-text-align-center%22%3EPara+reservar+tu+plaza%2C+escribe+un+whatsapp+o+sms+al+669283866.+Gracias%3C%2Fp%3E+%3Cp+class%3D%22has-text-align-center%22%3EUn+a%C3%B1o+m%C3%A1s+Madrid+se+ilumina+para+anunciar+la+Navidad%3C%2Fp%3E+%3Cp+class%3D%22has-text-align-center%22%3EEl+alumbrado%2C+compuesto+de+casi+12+millones+de+bombillas+100%25+led+de+alta+eficiencia+energ%C3%A9tica%2C+podr%C3%A1+disfrutarse+hasta+el+pr%C3%B3ximo+6+de+enero.%3C%2Fp%3E+%3Cp+class%3D%22has-text-align-center%22%3EUna+de+las+grandes+novedades+de+este+a%C3%B1o+ser%C3%A1n+las+luces+dise%C3%B1adas+por+ni%C3%B1os+de+primero+y+segundo+de+primaria+que+se+presentaron+al+concurso+escolar+de+dibujo+que+convoc%C3%B3+el+Ayuntamiento+el+pasado+m%3C%2Fp%3E+%28Ver+aqu%C3%AD+la+descripci%C3%B3n+completa+de+evento%3A+https%3A%2F%2Fludicum.com%2Findex.php%2Fevent%2Fvisita-guiada-recorrido-guiado-para-ver-la-iluminacion-navidena-2%2F%29&#038;location=Metro%20Col\u00f3n,%20Calle%20Genova,%2028,%20Madrid,%2028004,%20Espa\u00f1a&#038;trp=false&#038;ctz=UTC&#038;sprop=website:https:\/\/ludicum.com\"\n\t\t\t\t\t\t\t\t\t\tclass=\"tribe-events-c-subscribe-dropdown__list-item-link\"\n\t\t\t\t\t\t\t\t\t\ttarget=\"_blank\"\n\t\t\t\t\t\t\t\t\t\trel=\"noopener noreferrer nofollow noindex\"\n\t\t\t\t\t\t\t\t\t>\n\t\t\t\t\t\t\t\t\t\tGoogle Calendar\t\t\t\t\t\t\t\t\t<\/a>\n\t\t\t\t\t\t\t\t<\/li>\n\t\t\t\t\t\t\t\t\t\t\t\t\t\t\t<li class=\"tribe-events-c-subscribe-dropdown__list-item\">\n\t\t\t\t\t\t\t\t\t<a\n\t\t\t\t\t\t\t\t\t\thref=\"\"\n\t\t\t\t\t\t\t\t\t\tclass=\"tribe-events-c-subscribe-dropdown__list-item-link\"\n\t\t\t\t\t\t\t\t\t\ttarget=\"_blank\"\n\t\t\t\t\t\t\t\t\t\trel=\"noopener noreferrer nofollow noindex\"\n\t\t\t\t\t\t\t\t\t>\n\t\t\t\t\t\t\t\t\t\tiCalendar\t\t\t\t\t\t\t\t\t<\/a>\n\t\t\t\t\t\t\t\t<\/li>\n\t\t\t\t\t\t\t\t\t\t\t\t\t\t\t<li class=\"tribe-events-c-subscribe-dropdown__list-item\">\n\t\t\t\t\t\t\t\t\t<a\n\t\t\t\t\t\t\t\t\t\thref=\"\"\n\t\t\t\t\t\t\t\t\t\tclass=\"tribe-events-c-subscribe-dropdown__list-item-link\"\n\t\t\t\t\t\t\t\t\t\ttarget=\"_blank\"\n\t\t\t\t\t\t\t\t\t\trel=\"noopener noreferrer nofollow noindex\"\n\t\t\t\t\t\t\t\t\t>\n\t\t\t\t\t\t\t\t\t\tOutlook 365\t\t\t\t\t\t\t\t\t<\/a>\n\t\t\t\t\t\t\t\t<\/li>\n\t\t\t\t\t\t\t\t\t\t\t\t\t\t\t<li class=\"tribe-events-c-subscribe-dropdown__list-item\">\n\t\t\t\t\t\t\t\t\t<a\n\t\t\t\t\t\t\t\t\t\thref=\"\"\n\t\t\t\t\t\t\t\t\t\tclass=\"tribe-events-c-subscribe-dropdown__list-item-link\"\n\t\t\t\t\t\t\t\t\t\ttarget=\"_blank\"\n\t\t\t\t\t\t\t\t\t\trel=\"noopener noreferrer nofollow noindex\"\n\t\t\t\t\t\t\t\t\t>\n\t\t\t\t\t\t\t\t\t\tOutlook Live\t\t\t\t\t\t\t\t\t<\/a>\n\t\t\t\t\t\t\t\t<\/li>\n\t\t\t\t\t\t\t\t\t\t\t\t\t<\/ul>\n\t\t\t\t\t<\/div>\n\t\t\t\t<\/div>\n\t\t\t<\/div>\n\t\t<\/div>\n\t<\/div>\n\n","protected":false},"excerpt":{"rendered":"<p>Esta visita guiada se realizar\u00e1 para 15 personas como m\u00e1ximo En esta actividad se adoptan las medidas recomendadas en la guia publicada por el Instituto para la Calidad Tur\u00edstica Espa\u00f1ola [&hellip;]<\/p>\n","protected":false},"author":1,"featured_media":446,"comment_status":"open","ping_status":"closed","template":"","meta":{"_mi_skip_tracking":false,"_monsterinsights_sitenote_active":false,"_monsterinsights_sitenote_note":"","_monsterinsights_sitenote_category":0,"_EventAllDay":false,"_EventTimezone":"UTC+0","_EventStartDate":"2025-11-21 18:00:00","_EventEndDate":"2025-11-21 20:00:00","_EventStartDateUTC":"2025-11-21 18:00:00","_EventEndDateUTC":"2025-11-21 20:00:00","_EventShowMap":false,"_EventShowMapLink":false,"_EventURL":"","_EventCost":"12","_EventCostDescription":"","_EventCurrencySymbol":"\u20ac","_EventCurrencyCode":"Eur","_EventCurrencyPosition":"prefix","_EventDateTimeSeparator":"*","_EventTimeRangeSeparator":" - ","_EventOrganizerID":[216],"_EventVenueID":[444],"_OrganizerEmail":"","_OrganizerPhone":"","_OrganizerWebsite":"","_VenueAddress":"","_VenueCity":"","_VenueCountry":"","_VenueProvince":"","_VenueState":"","_VenueZip":"","_VenuePhone":"","_VenueURL":"","_VenueStateProvince":"","_VenueLat":"","_VenueLng":"","_VenueShowMap":false,"_VenueShowMapLink":false,"_tribe_events_status":"","_tribe_events_status_reason":"","footnotes":""},"tags":[],"tribe_events_cat":[],"class_list":["post-643","tribe_events","type-tribe_events","status-publish","has-post-thumbnail","hentry"],"yoast_head":"<!-- This site is optimized with the Yoast SEO plugin v20.8 - https:\/\/yoast.com\/wordpress\/plugins\/seo\/ -->\n<title>VISITA GUIADA: RECORRIDO GUIADO PARA VER LA ILUMINACI\u00d3N NAVIDE\u00d1A - Ludicum<\/title>\n<meta name=\"robots\" content=\"index, follow, max-snippet:-1, max-image-preview:large, max-video-preview:-1\" \/>\n<link rel=\"canonical\" href=\"https:\/\/ludicum.com\/index.php\/event\/visita-guiada-recorrido-guiado-para-ver-la-iluminacion-navidena-2\/\" \/>\n<meta property=\"og:locale\" content=\"es_ES\" \/>\n<meta property=\"og:type\" content=\"article\" \/>\n<meta property=\"og:title\" content=\"VISITA GUIADA: RECORRIDO GUIADO PARA VER LA ILUMINACI\u00d3N NAVIDE\u00d1A - Ludicum\" \/>\n<meta property=\"og:description\" content=\"Esta visita guiada se realizar\u00e1 para 15 personas como m\u00e1ximo En esta actividad se adoptan las medidas recomendadas en la guia publicada por el Instituto para la Calidad Tur\u00edstica Espa\u00f1ola [&hellip;]\" \/>\n<meta property=\"og:url\" content=\"https:\/\/ludicum.com\/index.php\/event\/visita-guiada-recorrido-guiado-para-ver-la-iluminacion-navidena-2\/\" \/>\n<meta property=\"og:site_name\" content=\"Ludicum\" \/>\n<meta property=\"article:publisher\" content=\"https:\/\/www.facebook.com\/ludicum.madrid\/events\" \/>\n<meta property=\"article:modified_time\" content=\"2024-12-29T12:33:08+00:00\" \/>\n<meta property=\"og:image\" content=\"https:\/\/ludicum.com\/wp-content\/uploads\/2023\/11\/Iluminacion-calle-Alcala.jpg\" \/>\n\t<meta property=\"og:image:width\" content=\"1380\" \/>\n\t<meta property=\"og:image:height\" content=\"1327\" \/>\n\t<meta property=\"og:image:type\" content=\"image\/jpeg\" \/>\n<meta name=\"twitter:card\" content=\"summary_large_image\" \/>\n<meta name=\"twitter:site\" content=\"@Ludicumocio\" \/>\n<meta name=\"twitter:label1\" content=\"Tiempo de lectura\" \/>\n\t<meta name=\"twitter:data1\" content=\"2 minutos\" \/>\n<script type=\"application\/ld+json\" class=\"yoast-schema-graph\">{\"@context\":\"https:\/\/schema.org\",\"@graph\":[{\"@type\":\"WebPage\",\"@id\":\"https:\/\/ludicum.com\/index.php\/event\/visita-guiada-recorrido-guiado-para-ver-la-iluminacion-navidena-2\/\",\"url\":\"https:\/\/ludicum.com\/index.php\/event\/visita-guiada-recorrido-guiado-para-ver-la-iluminacion-navidena-2\/\",\"name\":\"VISITA GUIADA: RECORRIDO GUIADO PARA VER LA ILUMINACI\u00d3N NAVIDE\u00d1A - Ludicum\",\"isPartOf\":{\"@id\":\"https:\/\/ludicum.com\/#website\"},\"datePublished\":\"2024-12-02T18:48:53+00:00\",\"dateModified\":\"2024-12-29T12:33:08+00:00\",\"breadcrumb\":{\"@id\":\"https:\/\/ludicum.com\/index.php\/event\/visita-guiada-recorrido-guiado-para-ver-la-iluminacion-navidena-2\/#breadcrumb\"},\"inLanguage\":\"es\",\"potentialAction\":[{\"@type\":\"ReadAction\",\"target\":[\"https:\/\/ludicum.com\/index.php\/event\/visita-guiada-recorrido-guiado-para-ver-la-iluminacion-navidena-2\/\"]}]},{\"@type\":\"BreadcrumbList\",\"@id\":\"https:\/\/ludicum.com\/index.php\/event\/visita-guiada-recorrido-guiado-para-ver-la-iluminacion-navidena-2\/#breadcrumb\",\"itemListElement\":[{\"@type\":\"ListItem\",\"position\":1,\"name\":\"Portada\"},{\"@type\":\"ListItem\",\"position\":2,\"name\":\"Eventos\",\"item\":\"https:\/\/ludicum.com\/\"},{\"@type\":\"ListItem\",\"position\":3,\"name\":\"VISITA GUIADA: RECORRIDO GUIADO PARA VER LA ILUMINACI\u00d3N NAVIDE\u00d1A\"}]},{\"@type\":\"WebSite\",\"@id\":\"https:\/\/ludicum.com\/#website\",\"url\":\"https:\/\/ludicum.com\/\",\"name\":\"Ludicum\",\"description\":\"Visitas guiadas y actividades culturales\",\"publisher\":{\"@id\":\"https:\/\/ludicum.com\/#\/schema\/person\/df8399c6adb1eee0d6dcb27a798191fe\"},\"potentialAction\":[{\"@type\":\"SearchAction\",\"target\":{\"@type\":\"EntryPoint\",\"urlTemplate\":\"https:\/\/ludicum.com\/?s={search_term_string}\"},\"query-input\":\"required name=search_term_string\"}],\"inLanguage\":\"es\"},{\"@type\":[\"Person\",\"Organization\"],\"@id\":\"https:\/\/ludicum.com\/#\/schema\/person\/df8399c6adb1eee0d6dcb27a798191fe\",\"name\":\"Marga\",\"image\":{\"@type\":\"ImageObject\",\"inLanguage\":\"es\",\"@id\":\"https:\/\/ludicum.com\/#\/schema\/person\/image\/\",\"url\":\"https:\/\/ludicum.com\/wp-content\/uploads\/2023\/02\/Logo-cuadrado-fondo-blanco.jpg\",\"contentUrl\":\"https:\/\/ludicum.com\/wp-content\/uploads\/2023\/02\/Logo-cuadrado-fondo-blanco.jpg\",\"width\":475,\"height\":447,\"caption\":\"Marga\"},\"logo\":{\"@id\":\"https:\/\/ludicum.com\/#\/schema\/person\/image\/\"},\"sameAs\":[\"http:\/\/51.254.99.69\",\"https:\/\/www.facebook.com\/ludicum.madrid\/events\",\"https:\/\/www.instagram.com\/margallamas\/\",\"https:\/\/www.linkedin.com\/in\/margarita-llamas-2871b281\/\",\"https:\/\/www.pinterest.es\/ludicum\/\",\"https:\/\/twitter.com\/https:\/\/twitter.com\/Ludicumocio\",\"https:\/\/www.youtube.com\/channel\/UC6wtOqPEEg1FT-vN7RDG4Jw\"]}]}<\/script>\n<!-- \/ Yoast SEO plugin. -->","yoast_head_json":{"title":"VISITA GUIADA: RECORRIDO GUIADO PARA VER LA ILUMINACI\u00d3N NAVIDE\u00d1A - Ludicum","robots":{"index":"index","follow":"follow","max-snippet":"max-snippet:-1","max-image-preview":"max-image-preview:large","max-video-preview":"max-video-preview:-1"},"canonical":"https:\/\/ludicum.com\/index.php\/event\/visita-guiada-recorrido-guiado-para-ver-la-iluminacion-navidena-2\/","og_locale":"es_ES","og_type":"article","og_title":"VISITA GUIADA: RECORRIDO GUIADO PARA VER LA ILUMINACI\u00d3N NAVIDE\u00d1A - Ludicum","og_description":"Esta visita guiada se realizar\u00e1 para 15 personas como m\u00e1ximo En esta actividad se adoptan las medidas recomendadas en la guia publicada por el Instituto para la Calidad Tur\u00edstica Espa\u00f1ola [&hellip;]","og_url":"https:\/\/ludicum.com\/index.php\/event\/visita-guiada-recorrido-guiado-para-ver-la-iluminacion-navidena-2\/","og_site_name":"Ludicum","article_publisher":"https:\/\/www.facebook.com\/ludicum.madrid\/events","article_modified_time":"2024-12-29T12:33:08+00:00","og_image":[{"width":1380,"height":1327,"url":"https:\/\/ludicum.com\/wp-content\/uploads\/2023\/11\/Iluminacion-calle-Alcala.jpg","type":"image\/jpeg"}],"twitter_card":"summary_large_image","twitter_site":"@Ludicumocio","twitter_misc":{"Tiempo de lectura":"2 minutos"},"schema":{"@context":"https:\/\/schema.org","@graph":[{"@type":"WebPage","@id":"https:\/\/ludicum.com\/index.php\/event\/visita-guiada-recorrido-guiado-para-ver-la-iluminacion-navidena-2\/","url":"https:\/\/ludicum.com\/index.php\/event\/visita-guiada-recorrido-guiado-para-ver-la-iluminacion-navidena-2\/","name":"VISITA GUIADA: RECORRIDO GUIADO PARA VER LA ILUMINACI\u00d3N NAVIDE\u00d1A - Ludicum","isPartOf":{"@id":"https:\/\/ludicum.com\/#website"},"datePublished":"2024-12-02T18:48:53+00:00","dateModified":"2024-12-29T12:33:08+00:00","breadcrumb":{"@id":"https:\/\/ludicum.com\/index.php\/event\/visita-guiada-recorrido-guiado-para-ver-la-iluminacion-navidena-2\/#breadcrumb"},"inLanguage":"es","potentialAction":[{"@type":"ReadAction","target":["https:\/\/ludicum.com\/index.php\/event\/visita-guiada-recorrido-guiado-para-ver-la-iluminacion-navidena-2\/"]}]},{"@type":"BreadcrumbList","@id":"https:\/\/ludicum.com\/index.php\/event\/visita-guiada-recorrido-guiado-para-ver-la-iluminacion-navidena-2\/#breadcrumb","itemListElement":[{"@type":"ListItem","position":1,"name":"Portada"},{"@type":"ListItem","position":2,"name":"Eventos","item":"https:\/\/ludicum.com\/"},{"@type":"ListItem","position":3,"name":"VISITA GUIADA: RECORRIDO GUIADO PARA VER LA ILUMINACI\u00d3N NAVIDE\u00d1A"}]},{"@type":"WebSite","@id":"https:\/\/ludicum.com\/#website","url":"https:\/\/ludicum.com\/","name":"Ludicum","description":"Visitas guiadas y actividades culturales","publisher":{"@id":"https:\/\/ludicum.com\/#\/schema\/person\/df8399c6adb1eee0d6dcb27a798191fe"},"potentialAction":[{"@type":"SearchAction","target":{"@type":"EntryPoint","urlTemplate":"https:\/\/ludicum.com\/?s={search_term_string}"},"query-input":"required name=search_term_string"}],"inLanguage":"es"},{"@type":["Person","Organization"],"@id":"https:\/\/ludicum.com\/#\/schema\/person\/df8399c6adb1eee0d6dcb27a798191fe","name":"Marga","image":{"@type":"ImageObject","inLanguage":"es","@id":"https:\/\/ludicum.com\/#\/schema\/person\/image\/","url":"https:\/\/ludicum.com\/wp-content\/uploads\/2023\/02\/Logo-cuadrado-fondo-blanco.jpg","contentUrl":"https:\/\/ludicum.com\/wp-content\/uploads\/2023\/02\/Logo-cuadrado-fondo-blanco.jpg","width":475,"height":447,"caption":"Marga"},"logo":{"@id":"https:\/\/ludicum.com\/#\/schema\/person\/image\/"},"sameAs":["http:\/\/51.254.99.69","https:\/\/www.facebook.com\/ludicum.madrid\/events","https:\/\/www.instagram.com\/margallamas\/","https:\/\/www.linkedin.com\/in\/margarita-llamas-2871b281\/","https:\/\/www.pinterest.es\/ludicum\/","https:\/\/twitter.com\/https:\/\/twitter.com\/Ludicumocio","https:\/\/www.youtube.com\/channel\/UC6wtOqPEEg1FT-vN7RDG4Jw"]}]}},"_links":{"self":[{"href":"https:\/\/ludicum.com\/index.php\/wp-json\/wp\/v2\/tribe_events\/643","targetHints":{"allow":["GET"]}}],"collection":[{"href":"https:\/\/ludicum.com\/index.php\/wp-json\/wp\/v2\/tribe_events"}],"about":[{"href":"https:\/\/ludicum.com\/index.php\/wp-json\/wp\/v2\/types\/tribe_events"}],"author":[{"embeddable":true,"href":"https:\/\/ludicum.com\/index.php\/wp-json\/wp\/v2\/users\/1"}],"replies":[{"embeddable":true,"href":"https:\/\/ludicum.com\/index.php\/wp-json\/wp\/v2\/comments?post=643"}],"version-history":[{"count":1,"href":"https:\/\/ludicum.com\/index.php\/wp-json\/wp\/v2\/tribe_events\/643\/revisions"}],"predecessor-version":[{"id":644,"href":"https:\/\/ludicum.com\/index.php\/wp-json\/wp\/v2\/tribe_events\/643\/revisions\/644"}],"wp:featuredmedia":[{"embeddable":true,"href":"https:\/\/ludicum.com\/index.php\/wp-json\/wp\/v2\/media\/446"}],"wp:attachment":[{"href":"https:\/\/ludicum.com\/index.php\/wp-json\/wp\/v2\/media?parent=643"}],"wp:term":[{"taxonomy":"post_tag","embeddable":true,"href":"https:\/\/ludicum.com\/index.php\/wp-json\/wp\/v2\/tags?post=643"},{"taxonomy":"tribe_events_cat","embeddable":true,"href":"https:\/\/ludicum.com\/index.php\/wp-json\/wp\/v2\/tribe_events_cat?post=643"}],"curies":[{"name":"wp","href":"https:\/\/api.w.org\/{rel}","templated":true}]}}